{"id":798,"date":"2024-07-24T16:32:12","date_gmt":"2024-07-24T14:32:12","guid":{"rendered":"https:\/\/tuairooms.com\/?page_id=798"},"modified":"2024-10-08T12:13:30","modified_gmt":"2024-10-08T10:13:30","slug":"datenschutz","status":"publish","type":"page","link":"https:\/\/tuairooms.com\/pl\/datenschutz\/","title":{"rendered":"Ochrona danych"},"content":{"rendered":"<div data-elementor-type=\"wp-page\" data-elementor-id=\"798\" class=\"elementor elementor-798\" data-elementor-post-type=\"page\">\n\t\t\t\t<div class=\"elementor-element elementor-element-978f65e e-flex e-con-boxed e-con e-parent\" data-id=\"978f65e\" data-element_type=\"container\" data-settings=\"{&quot;background_background&quot;:&quot;classic&quot;}\">\n\t\t\t\t\t<div class=\"e-con-inner\">\n\t\t\t\t<div class=\"elementor-element elementor-element-d20eb4f elementor-widget-tablet__width-inherit elementor-widget__width-initial elementor-widget-mobile__width-initial elementor-widget elementor-widget-heading\" data-id=\"d20eb4f\" data-element_type=\"widget\" data-widget_type=\"heading.default\">\n\t\t\t\t<div class=\"elementor-widget-container\">\n\t\t\t\t\t<h2 class=\"elementor-heading-title elementor-size-default\">Kwestie prawne<\/h2>\t\t\t\t<\/div>\n\t\t\t\t<\/div>\n\t\t\t\t<div class=\"elementor-element elementor-element-f4d5d76 elementor-widget elementor-widget-heading\" data-id=\"f4d5d76\" data-element_type=\"widget\" data-widget_type=\"heading.default\">\n\t\t\t\t<div class=\"elementor-widget-container\">\n\t\t\t\t\t<h1 class=\"elementor-heading-title elementor-size-default\">Ochrona danych<\/h1>\t\t\t\t<\/div>\n\t\t\t\t<\/div>\n\t\t\t\t\t<\/div>\n\t\t\t\t<\/div>\n\t\t<div class=\"elementor-element elementor-element-58ea644 e-flex e-con-boxed e-con e-parent\" data-id=\"58ea644\" data-element_type=\"container\">\n\t\t\t\t\t<div class=\"e-con-inner\">\n\t\t\t\t<div class=\"elementor-element elementor-element-b478328 elementor-widget elementor-widget-text-editor\" data-id=\"b478328\" data-element_type=\"widget\" data-widget_type=\"text-editor.default\">\n\t\t\t\t<div class=\"elementor-widget-container\">\n\t\t\t\t\t\t\t\t\t\n<h3>Informacje og\u00f3lne<\/h3> <p>Poni\u017csze informacje stanowi\u0105 prosty przegl\u0105d tego, co dzieje si\u0119 z danymi osobowymi u\u017cytkownika podczas odwiedzania tej witryny. Dane osobowe to wszelkie dane, kt\u00f3re mo\u017cna wykorzysta\u0107 do osobistej identyfikacji u\u017cytkownika. Szczeg\u00f3\u0142owe informacje na temat ochrony danych mo\u017cna znale\u017a\u0107 w naszym o\u015bwiadczeniu o ochronie danych, kt\u00f3re znajduje si\u0119 poni\u017cej tego tekstu.<\/p>\n<h3>Gromadzenie danych na tej stronie internetowej<\/h3> <h4>Kto jest odpowiedzialny za gromadzenie danych na tej stronie?<\/h4> <p>Przetwarzanie danych na tej stronie internetowej jest przeprowadzane przez operatora strony. Dane kontaktowe operatora mo\u017cna znale\u017a\u0107 w sekcji \"Informacje o administratorze\" niniejszej polityki prywatno\u015bci.<\/p> <h4>W jaki spos\u00f3b gromadzimy dane u\u017cytkownik\u00f3w?<\/h4> <p>Z jednej strony dane u\u017cytkownika s\u0105 gromadzone, gdy u\u017cytkownik nam je przekazuje. Mog\u0105 to by\u0107 na przyk\u0142ad dane wprowadzone w formularzu kontaktowym.<\/p> <p>Inne dane s\u0105 gromadzone automatycznie lub za zgod\u0105 u\u017cytkownika przez nasze systemy informatyczne podczas odwiedzania strony internetowej. S\u0105 to przede wszystkim dane techniczne (np. przegl\u0105darka internetowa, system operacyjny lub czas wy\u015bwietlania strony). Dane te s\u0105 gromadzone automatycznie po wej\u015bciu na stron\u0119 internetow\u0105.<\/p> <h4>Do czego wykorzystujemy dane u\u017cytkownik\u00f3w?<\/h4> <p>Niekt\u00f3re z tych danych s\u0105 gromadzone w celu zapewnienia bezb\u0142\u0119dnego dzia\u0142ania strony internetowej. Inne dane mog\u0105 by\u0107 wykorzystywane do analizy zachowa\u0144 u\u017cytkownik\u00f3w.<\/p> <h4>Jakie prawa przys\u0142uguj\u0105 u\u017cytkownikowi w odniesieniu do jego danych?<\/h4> <p>U\u017cytkownik ma prawo do bezp\u0142atnego otrzymania w dowolnym momencie informacji o pochodzeniu, odbiorcy i celu przechowywanych danych osobowych. U\u017cytkownik ma r\u00f3wnie\u017c prawo za\u017c\u0105da\u0107 poprawienia lub usuni\u0119cia tych danych. Je\u015bli u\u017cytkownik wyrazi\u0142 zgod\u0119 na przetwarzanie danych, mo\u017ce j\u0105 w ka\u017cdej chwili odwo\u0142a\u0107 na przysz\u0142o\u015b\u0107. U\u017cytkownik ma r\u00f3wnie\u017c prawo za\u017c\u0105da\u0107 ograniczenia przetwarzania jego danych osobowych w okre\u015blonych okoliczno\u015bciach. Ponadto u\u017cytkownik ma prawo do z\u0142o\u017cenia skargi do w\u0142a\u015bciwego organu nadzorczego.<\/p> <p>U\u017cytkownik mo\u017ce skontaktowa\u0107 si\u0119 z nami w dowolnym momencie, je\u015bli ma dodatkowe pytania dotycz\u0105ce ochrony danych.<\/p>\n<h3>Narz\u0119dzia analityczne i narz\u0119dzia dostawc\u00f3w zewn\u0119trznych<\/h3> <p>Gdy u\u017cytkownik odwiedza t\u0119 witryn\u0119, jego zachowanie podczas surfowania mo\u017ce by\u0107 oceniane statystycznie. Odbywa si\u0119 to g\u0142\u00f3wnie za pomoc\u0105 tak zwanych program\u00f3w analitycznych.<\/p> <p>Szczeg\u00f3\u0142owe informacje na temat tych program\u00f3w analitycznych mo\u017cna znale\u017a\u0107 w poni\u017cszej polityce prywatno\u015bci.<\/p>\n<h2>2. hosting<\/h2>\n<p>Tre\u015b\u0107 naszej strony internetowej jest hostowana przez nast\u0119puj\u0105cego dostawc\u0119:<\/p>\n<h3>All-Inkl<\/h3> <p>Dostawc\u0105 jest ALL-INKL.COM - Neue Medien M\u00fcnnich, Inh. Ren\u00e9 M\u00fcnnich, Hauptstra\u00dfe 68, 02742 Friedersdorf (dalej All-Inkl). Szczeg\u00f3\u0142y mo\u017cna znale\u017a\u0107 w polityce prywatno\u015bci All-Inkl: <a href=\"https:\/\/all-inkl.com\/datenschutzinformationen\/\" target=\"_blank\" rel=\"noopener noreferrer\">https:\/\/all-inkl.com\/datenschutzinformationen\/<\/a>.<\/p> <p>Korzystanie z All-Inkl opiera si\u0119 na art. 6 ust. 1 lit. f RODO. Mamy uzasadniony interes w jak najbardziej niezawodnym wy\u015bwietlaniu naszej strony internetowej. Je\u015bli za\u017c\u0105dano odpowiedniej zgody, przetwarzanie odbywa si\u0119 wy\u0142\u0105cznie na podstawie art. 6 ust. 1 lit. a RODO i \u00a7 25 ust. 1 RODO, o ile zgoda obejmuje przechowywanie plik\u00f3w cookie lub dost\u0119p do informacji w urz\u0105dzeniu ko\u0144cowym u\u017cytkownika (np. odcisk palca urz\u0105dzenia) w rozumieniu RODO. Zgoda mo\u017ce zosta\u0107 cofni\u0119ta w dowolnym momencie.<\/p>\n\n<h4>Przetwarzanie zam\u00f3wie\u0144<\/h4> <p>Zawarli\u015bmy umow\u0119 o przetwarzaniu danych (RODO) w celu korzystania z wy\u017cej wymienionej us\u0142ugi. Jest to umowa okre\u015blona przez prawo o ochronie danych, kt\u00f3ra gwarantuje, \u017ce przetwarza dane osobowe os\u00f3b odwiedzaj\u0105cych nasz\u0105 stron\u0119 internetow\u0105 wy\u0142\u0105cznie zgodnie z naszymi instrukcjami i zgodnie z RODO.<\/p>\n<h2>3 Uwagi og\u00f3lne i informacje obowi\u0105zkowe<\/h2>\n<h3>Ochrona danych<\/h3> <p>Operatorzy tych stron bardzo powa\u017cnie traktuj\u0105 ochron\u0119 danych osobowych u\u017cytkownik\u00f3w. Dane osobowe u\u017cytkownik\u00f3w traktujemy poufnie i zgodnie z ustawowymi przepisami o ochronie danych oraz niniejsz\u0105 polityk\u0105 prywatno\u015bci.<\/p> <p>Podczas korzystania z tej witryny gromadzone s\u0105 r\u00f3\u017cne dane osobowe. Dane osobowe to dane, kt\u00f3re mo\u017cna wykorzysta\u0107 do osobistej identyfikacji u\u017cytkownika. Niniejsza polityka prywatno\u015bci wyja\u015bnia, jakie dane gromadzimy i do czego je wykorzystujemy. Wyja\u015bnia r\u00f3wnie\u017c, w jaki spos\u00f3b i w jakim celu jest to robione.<\/p> <p>Zwracamy uwag\u0119, \u017ce transmisja danych przez Internet (np. podczas komunikacji za po\u015brednictwem poczty elektronicznej) mo\u017ce podlega\u0107 lukom w zabezpieczeniach. Pe\u0142na ochrona danych przed dost\u0119pem os\u00f3b trzecich nie jest mo\u017cliwa.<\/p>\n<h3>Uwaga dotycz\u0105ca podmiotu odpowiedzialnego<\/h3> <p>Administratorem odpowiedzialnym za przetwarzanie danych na tej stronie jest<\/p> <p>Tunc Kaya &amp; Aldijan Muslic<br \/>\nIndustrieweg 1<br \/>\n30419 Hanower<\/p>\n\n<p>Telefon: 01111<br \/>\nE-mail: info@tuairooms.com<\/p>\n <p>Administrator danych to osoba fizyczna lub prawna, kt\u00f3ra samodzielnie lub wsp\u00f3lnie z innymi okre\u015bla cele i sposoby przetwarzania danych osobowych (np. imion i nazwisk, adres\u00f3w e-mail itp.).<\/p>\n\n<h3>Czas przechowywania<\/h3> <p>O ile w niniejszej polityce prywatno\u015bci nie okre\u015blono bardziej szczeg\u00f3\u0142owego okresu przechowywania, dane osobowe u\u017cytkownika pozostan\u0105 u nas do momentu ustania celu przetwarzania danych. Je\u015bli u\u017cytkownik z\u0142o\u017cy uzasadniony wniosek o usuni\u0119cie danych lub cofnie zgod\u0119 na ich przetwarzanie, jego dane zostan\u0105 usuni\u0119te, chyba \u017ce b\u0119dziemy mie\u0107 inne prawnie dopuszczalne powody przechowywania jego danych osobowych (np. okresy przechowywania zgodnie z prawem podatkowym lub handlowym); w tym ostatnim przypadku usuni\u0119cie nast\u0105pi po ustaniu tych powod\u00f3w.<\/p>\n<h3>Og\u00f3lne informacje na temat podstawy prawnej przetwarzania danych na tej stronie internetowej<\/h3> <p>Je\u015bli u\u017cytkownik wyrazi\u0142 zgod\u0119 na przetwarzanie danych, przetwarzamy jego dane osobowe na podstawie art. 6 ust. 1 lit. a RODO lub art. 9 ust. 2 lit. a RODO, o ile szczeg\u00f3lne kategorie danych s\u0105 przetwarzane zgodnie z art. 9 ust. 1 RODO. W przypadku wyra\u017anej zgody na przekazywanie danych osobowych do pa\u0144stw trzecich przetwarzanie danych odbywa si\u0119 r\u00f3wnie\u017c na podstawie art. 49 ust. 1 lit. a RODO. Je\u015bli u\u017cytkownik wyrazi\u0142 zgod\u0119 na przechowywanie plik\u00f3w cookie lub dost\u0119p do informacji na swoim urz\u0105dzeniu ko\u0144cowym (np. za po\u015brednictwem odcisk\u00f3w palc\u00f3w urz\u0105dzenia), przetwarzanie danych odbywa si\u0119 r\u00f3wnie\u017c na podstawie art. 25 ust. 1 RODO. Zgoda mo\u017ce zosta\u0107 cofni\u0119ta w dowolnym momencie. Je\u015bli dane u\u017cytkownika s\u0105 wymagane do realizacji umowy lub wdro\u017cenia \u015brodk\u00f3w przedumownych, przetwarzamy je na podstawie art. 6 ust. 1 lit. b RODO. Ponadto przetwarzamy dane u\u017cytkownika, je\u015bli jest to konieczne do wype\u0142nienia obowi\u0105zku prawnego na podstawie art. 6 ust. 1 lit. c RODO. Przetwarzanie danych mo\u017ce r\u00f3wnie\u017c odbywa\u0107 si\u0119 na podstawie naszego uzasadnionego interesu zgodnie z art. 6 ust. 1 lit. f RODO. Informacje na temat odpowiednich podstaw prawnych w ka\u017cdym indywidualnym przypadku znajduj\u0105 si\u0119 w kolejnych punktach niniejszej polityki prywatno\u015bci.<\/p>\n<h3>Uwaga dotycz\u0105ca przekazywania danych do kraj\u00f3w trzecich, kt\u00f3re nie s\u0105 bezpieczne zgodnie z przepisami o ochronie danych oraz przekazywania danych do firm ameryka\u0144skich, kt\u00f3re nie posiadaj\u0105 certyfikatu DPF.<\/h3> <p>Korzystamy mi\u0119dzy innymi z narz\u0119dzi firm z siedzib\u0105 w krajach trzecich, kt\u00f3re nie s\u0105 bezpieczne w \u015bwietle przepis\u00f3w o ochronie danych, oraz narz\u0119dzi ameryka\u0144skich, kt\u00f3rych dostawcy nie s\u0105 certyfikowani zgodnie z ramami ochrony prywatno\u015bci danych UE-USA (DPF). Je\u015bli te narz\u0119dzia s\u0105 aktywne, dane osobowe u\u017cytkownika mog\u0105 by\u0107 przekazywane do tych kraj\u00f3w i tam przetwarzane. Zwracamy uwag\u0119, \u017ce nie mo\u017cna zagwarantowa\u0107 poziomu ochrony danych por\u00f3wnywalnego z poziomem w UE w krajach trzecich, kt\u00f3re nie s\u0105 bezpieczne zgodnie z prawem o ochronie danych.<\/p> <p>Chcieliby\u015bmy podkre\u015bli\u0107, \u017ce USA, jako bezpieczny kraj trzeci, zasadniczo ma poziom ochrony danych por\u00f3wnywalny z poziomem w UE. Przekazywanie danych do USA jest zatem dozwolone, je\u015bli odbiorca jest certyfikowany zgodnie z \"Ramami prywatno\u015bci danych UE-USA\" (DPF) lub posiada odpowiednie dodatkowe gwarancje. Informacje na temat przekazywania danych do kraj\u00f3w trzecich, w tym odbiorc\u00f3w danych, mo\u017cna znale\u017a\u0107 w niniejszej polityce prywatno\u015bci.<\/p><h3>Odbiorcy danych osobowych<\/h3> <p>W ramach naszej dzia\u0142alno\u015bci biznesowej wsp\u00f3\u0142pracujemy z r\u00f3\u017cnymi organizacjami zewn\u0119trznymi. W niekt\u00f3rych przypadkach konieczne jest r\u00f3wnie\u017c przekazanie danych osobowych tym organizacjom zewn\u0119trznym. Przekazujemy dane osobowe organom zewn\u0119trznym tylko wtedy, gdy jest to konieczne do realizacji umowy, je\u015bli jeste\u015bmy do tego prawnie zobowi\u0105zani (np. przekazywanie danych organom podatkowym), je\u015bli mamy uzasadniony interes w przekazaniu danych zgodnie z art. 6 ust. 1 lit. f RODO lub je\u015bli inna podstawa prawna zezwala na przekazanie danych. Korzystaj\u0105c z us\u0142ug podmiot\u00f3w przetwarzaj\u0105cych, przekazujemy dane osobowe naszych klient\u00f3w wy\u0142\u0105cznie na podstawie wa\u017cnej umowy o przetwarzanie zam\u00f3wienia. W przypadku wsp\u00f3lnego przetwarzania danych zawierana jest umowa o wsp\u00f3lnym przetwarzaniu danych.<\/p>\n<h3>Cofni\u0119cie zgody na przetwarzanie danych<\/h3> <p>Wiele operacji przetwarzania danych jest mo\u017cliwych wy\u0142\u0105cznie za wyra\u017an\u0105 zgod\u0105 u\u017cytkownika. U\u017cytkownik mo\u017ce wycofa\u0107 swoj\u0105 zgod\u0119 w dowolnym momencie. Wycofanie zgody nie ma wp\u0142ywu na zgodno\u015b\u0107 z prawem przetwarzania danych prowadzonego do momentu wycofania zgody.<\/p>\n<h3>Prawo do sprzeciwu wobec gromadzenia danych w szczeg\u00f3lnych przypadkach i marketingu bezpo\u015bredniego (art. 21 RODO)<\/h3> <p>JE\u017bELI PRZETWARZANIE DANYCH ODBYWA SI\u0118 NA PODSTAWIE ART. 6 ABS. 1 LIT. E LUB F RODO, U\u017bYTKOWNIK MA PRAWO W DOWOLNYM MOMENCIE WNIE\u015a\u0106 SPRZECIW WOBEC PRZETWARZANIA JEGO DANYCH OSOBOWYCH Z PRZYCZYN ZWI\u0104ZANYCH Z JEGO SZCZEG\u00d3LN\u0104 SYTUACJ\u0104; DOTYCZY TO R\u00d3WNIE\u017b PROFILOWANIA OPARTEGO NA TYCH PRZEPISACH. ODPOWIEDNI\u0104 PODSTAW\u0118 PRAWN\u0104, NA KT\u00d3REJ OPIERA SI\u0118 PRZETWARZANIE, MO\u017bNA ZNALE\u0179\u0106 W NINIEJSZEJ POLITYCE PRYWATNO\u015aCI. W PRZYPADKU WNIESIENIA SPRZECIWU NIE B\u0118DZIEMY JU\u017b PRZETWARZA\u0106 DANYCH OSOBOWYCH U\u017bYTKOWNIKA, CHYBA \u017bE B\u0118DZIEMY W STANIE WYKAZA\u0106 ISTNIENIE WA\u017bNYCH PRAWNIE UZASADNIONYCH PODSTAW DO PRZETWARZANIA, NADRZ\u0118DNYCH WOBEC INTERES\u00d3W, PRAW I WOLNO\u015aCI U\u017bYTKOWNIKA, LUB PRZETWARZANIE B\u0118DZIE S\u0141U\u017bY\u0106 USTALENIU, DOCHODZENIU LUB OBRONIE ROSZCZE\u0143 PRAWNYCH (SPRZECIW NA PODSTAWIE ART. 21 UST. 1 RODO).<\/p> <p>JE\u015aLI DANE OSOBOWE U\u017bYTKOWNIKA S\u0104 PRZETWARZANE DO CEL\u00d3W MARKETINGU BEZPO\u015aREDNIEGO, U\u017bYTKOWNIK MA PRAWO W DOWOLNYM MOMENCIE WNIE\u015a\u0106 SPRZECIW WOBEC PRZETWARZANIA DOTYCZ\u0104CYCH GO DANYCH OSOBOWYCH DO CEL\u00d3W TAKIEGO MARKETINGU; DOTYCZY TO R\u00d3WNIE\u017b PROFILOWANIA W ZAKRESIE, W JAKIM JEST ONO ZWI\u0104ZANE Z TAKIM MARKETINGIEM BEZPO\u015aREDNIM. W PRZYPADKU WNIESIENIA SPRZECIWU DANE OSOBOWE U\u017bYTKOWNIKA NIE B\u0118D\u0104 JU\u017b WYKORZYSTYWANE DO CEL\u00d3W MARKETINGU BEZPO\u015aREDNIEGO (SPRZECIW ZGODNIE Z ART. 21 UST. 2 RODO).<\/p>\n<h3>Prawo do z\u0142o\u017cenia skargi do w\u0142a\u015bciwego organu nadzorczego<\/h3> <p>W przypadku naruszenia RODO osoby, kt\u00f3rych dane dotycz\u0105, maj\u0105 prawo wnie\u015b\u0107 skarg\u0119 do organu nadzorczego, w szczeg\u00f3lno\u015bci w pa\u0144stwie cz\u0142onkowskim swojego zwyk\u0142ego pobytu, swojego miejsca pracy lub miejsca pope\u0142nienia domniemanego naruszenia. Prawo do z\u0142o\u017cenia skargi pozostaje bez uszczerbku dla wszelkich innych administracyjnych lub s\u0105dowych \u015brodk\u00f3w odwo\u0142awczych.<\/p>\n<h3>Prawo do przenoszenia danych<\/h3> <p>U\u017cytkownik ma prawo do tego, aby dane, kt\u00f3re przetwarzamy automatycznie na podstawie jego zgody lub w ramach realizacji umowy, zosta\u0142y przekazane u\u017cytkownikowi lub stronie trzeciej w powszechnie u\u017cywanym formacie nadaj\u0105cym si\u0119 do odczytu maszynowego. Je\u015bli u\u017cytkownik za\u017c\u0105da bezpo\u015bredniego przekazania danych innemu administratorowi, nast\u0105pi to tylko wtedy, gdy b\u0119dzie to technicznie wykonalne.<\/p>\n<h3>Informacje, poprawianie i usuwanie<\/h3> <p>W ramach obowi\u0105zuj\u0105cych przepis\u00f3w prawnych u\u017cytkownik ma w ka\u017cdej chwili prawo do bezp\u0142atnej informacji o przechowywanych danych osobowych, ich pochodzeniu i odbiorcy oraz celu przetwarzania danych, a tak\u017ce, w razie potrzeby, prawo do sprostowania lub usuni\u0119cia tych danych. U\u017cytkownik mo\u017ce w ka\u017cdej chwili skontaktowa\u0107 si\u0119 z nami, je\u015bli ma dodatkowe pytania dotycz\u0105ce danych osobowych.<\/p>\n<h3>Prawo do ograniczenia przetwarzania<\/h3> <p>U\u017cytkownik ma prawo za\u017c\u0105da\u0107 ograniczenia przetwarzania jego danych osobowych. W tym celu mo\u017cna skontaktowa\u0107 si\u0119 z nami w dowolnym momencie. Prawo do ograniczenia przetwarzania istnieje w nast\u0119puj\u0105cych przypadkach:<\/p> <ul> <li>Je\u015bli u\u017cytkownik kwestionuje prawid\u0142owo\u015b\u0107 przechowywanych przez nas jego danych osobowych, zazwyczaj potrzebujemy czasu, aby to sprawdzi\u0107. U\u017cytkownik ma prawo za\u017c\u0105da\u0107 ograniczenia przetwarzania jego danych osobowych na czas trwania weryfikacji.<\/li> <li>Je\u015bli przetwarzanie danych osobowych u\u017cytkownika by\u0142o\/jest niezgodne z prawem, u\u017cytkownik mo\u017ce za\u017c\u0105da\u0107 ograniczenia przetwarzania danych zamiast ich usuni\u0119cia.<\/li> <li>Je\u015bli nie potrzebujemy ju\u017c danych osobowych u\u017cytkownika, ale s\u0105 one potrzebne do wykonania, obrony lub dochodzenia roszcze\u0144 prawnych, u\u017cytkownik ma prawo za\u017c\u0105da\u0107 ograniczenia przetwarzania swoich danych osobowych zamiast ich usuni\u0119cia.<\/li> <li>W przypadku wniesienia sprzeciwu zgodnie z art. 21 (1) RODO nale\u017cy zachowa\u0107 r\u00f3wnowag\u0119 mi\u0119dzy interesami u\u017cytkownika a naszymi. Dop\u00f3ki nie zostanie ustalone, czyje interesy przewa\u017caj\u0105, u\u017cytkownik ma prawo za\u017c\u0105da\u0107 ograniczenia przetwarzania jego danych osobowych.<\/li> <\/ul> <p>Je\u015bli u\u017cytkownik ograniczy\u0142 przetwarzanie swoich danych osobowych, dane te - poza ich przechowywaniem - mog\u0105 by\u0107 przetwarzane wy\u0142\u0105cznie za jego zgod\u0105 lub w celu ustalenia, dochodzenia lub obrony roszcze\u0144, lub w celu ochrony praw innej osoby fizycznej lub prawnej, lub z uwagi na wa\u017cny interes publiczny Unii Europejskiej lub pa\u0144stwa cz\u0142onkowskiego.<\/p>\n<h3>Szyfrowanie SSL lub TLS<\/h3> <p>Ta witryna wykorzystuje szyfrowanie SSL lub TLS ze wzgl\u0119d\u00f3w bezpiecze\u0144stwa i w celu ochrony transmisji poufnych tre\u015bci, takich jak zam\u00f3wienia lub zapytania wysy\u0142ane do nas jako operatora witryny. Po\u0142\u0105czenie szyfrowane mo\u017cna rozpozna\u0107 po tym, \u017ce wiersz adresu przegl\u0105darki zmienia si\u0119 z \"http:\/\/\" na \"https:\/\/\" oraz po symbolu k\u0142\u00f3dki w wierszu przegl\u0105darki.<\/p> <p>Je\u015bli szyfrowanie SSL lub TLS jest w\u0142\u0105czone, dane przesy\u0142ane do nas nie mog\u0105 by\u0107 odczytane przez osoby trzecie.<\/p>\n<h3>Sprzeciw wobec reklamowych wiadomo\u015bci e-mail<\/h3> <p>Niniejszym sprzeciwiamy si\u0119 wykorzystywaniu danych kontaktowych opublikowanych w ramach obowi\u0105zku prawnego w celu wysy\u0142ania niezam\u00f3wionych materia\u0142\u00f3w reklamowych i informacyjnych. Operatorzy tej witryny wyra\u017anie zastrzegaj\u0105 sobie prawo do podj\u0119cia krok\u00f3w prawnych w przypadku niezam\u00f3wionego wysy\u0142ania informacji reklamowych, takich jak spam.<\/p>\n<h2>4. gromadzenie danych na tej stronie internetowej<\/h2>\n<h3>Pliki cookie<\/h3> <p>Nasze strony internetowe wykorzystuj\u0105 tzw. pliki cookie. Pliki cookie to ma\u0142e pakiety danych, kt\u00f3re nie powoduj\u0105 \u017cadnych szk\u00f3d w urz\u0105dzeniu ko\u0144cowym u\u017cytkownika. S\u0105 one przechowywane na urz\u0105dzeniu u\u017cytkownika tymczasowo na czas trwania sesji (sesyjne pliki cookie) lub na sta\u0142e (sta\u0142e pliki cookie). Sesyjne pliki cookie s\u0105 automatycznie usuwane po zako\u0144czeniu wizyty. Sta\u0142e pliki cookie s\u0105 przechowywane na urz\u0105dzeniu ko\u0144cowym u\u017cytkownika do momentu ich usuni\u0119cia przez u\u017cytkownika lub automatycznego usuni\u0119cia przez przegl\u0105dark\u0119 internetow\u0105.<\/p> <p>Pliki cookie mog\u0105 pochodzi\u0107 od nas (w\u0142asne pliki cookie) lub od firm zewn\u0119trznych (tzw. pliki cookie stron trzecich). Pliki cookie stron trzecich umo\u017cliwiaj\u0105 integracj\u0119 niekt\u00f3rych us\u0142ug firm zewn\u0119trznych w witrynach internetowych (np. pliki cookie do przetwarzania us\u0142ug p\u0142atniczych).<\/p> <p>Pliki cookie pe\u0142ni\u0105 r\u00f3\u017cne funkcje. Wiele plik\u00f3w cookie jest technicznie niezb\u0119dnych, poniewa\u017c niekt\u00f3re funkcje witryny nie dzia\u0142a\u0142yby bez nich (np. funkcja koszyka zakup\u00f3w lub wy\u015bwietlanie film\u00f3w). Inne pliki cookie mog\u0105 by\u0107 wykorzystywane do analizy zachowa\u0144 u\u017cytkownik\u00f3w lub do cel\u00f3w reklamowych.<\/p> <p>Pliki cookie, kt\u00f3re s\u0105 wymagane do przeprowadzenia procesu komunikacji elektronicznej, zapewnienia okre\u015blonych funkcji, o kt\u00f3re prosi\u0142 u\u017cytkownik (np. dla funkcji koszyka zakup\u00f3w) lub optymalizacji strony internetowej (np. pliki cookie do pomiaru ogl\u0105dalno\u015bci stron internetowych) (niezb\u0119dne pliki cookie), s\u0105 przechowywane na podstawie art. 6 ust. 1 lit. f RODO, chyba \u017ce okre\u015blono inn\u0105 podstaw\u0119 prawn\u0105. Operator strony internetowej ma uzasadniony interes w przechowywaniu niezb\u0119dnych plik\u00f3w cookie w celu technicznie bezb\u0142\u0119dnego i zoptymalizowanego \u015bwiadczenia swoich us\u0142ug. Je\u015bli za\u017c\u0105dano zgody na przechowywanie plik\u00f3w cookie i por\u00f3wnywalnych technologii rozpoznawania, przetwarzanie odbywa si\u0119 wy\u0142\u0105cznie na podstawie tej zgody (art. 6 ust. 1 lit. a RODO i \u00a7 25 ust. 1 RODO); zgoda mo\u017ce zosta\u0107 odwo\u0142ana w dowolnym momencie.<\/p> <p>U\u017cytkownik mo\u017ce ustawi\u0107 swoj\u0105 przegl\u0105dark\u0119 w taki spos\u00f3b, aby by\u0142 informowany o ustawieniach plik\u00f3w cookie i zezwala\u0142 na pliki cookie tylko w indywidualnych przypadkach, wyklucza\u0142 akceptacj\u0119 plik\u00f3w cookie w okre\u015blonych przypadkach lub og\u00f3lnie oraz aktywowa\u0142 automatyczne usuwanie plik\u00f3w cookie po zamkni\u0119ciu przegl\u0105darki. W przypadku dezaktywacji plik\u00f3w cookie funkcjonalno\u015b\u0107 tej witryny mo\u017ce by\u0107 ograniczona.<\/p> <p>Informacje o tym, kt\u00f3re pliki cookie i us\u0142ugi s\u0105 u\u017cywane w tej witrynie, mo\u017cna znale\u017a\u0107 w niniejszej polityce prywatno\u015bci.<\/p>\n<h3>Zgoda z Complianz<\/h3> <p>Nasza witryna internetowa korzysta z technologii zgody firmy Complianz w celu uzyskania zgody u\u017cytkownika na przechowywanie okre\u015blonych plik\u00f3w cookie na urz\u0105dzeniu ko\u0144cowym lub na korzystanie z okre\u015blonych technologii oraz w celu udokumentowania ich zgodnie z przepisami o ochronie danych. Dostawc\u0105 tej technologii jest firma Complianz B.V., Kalmarweg 14-5, 9723 JG Groningen, Holandia (zwana dalej \"Complianz\").<\/p> <p>Complianz jest hostowany na naszych serwerach, wi\u0119c nie jest nawi\u0105zywane \u017cadne po\u0142\u0105czenie z serwerami dostawcy Complianz. Complianz przechowuje plik cookie w przegl\u0105darce u\u017cytkownika, aby m\u00f3c przypisa\u0107 udzielone zgody lub je odwo\u0142a\u0107. Dane zebrane w ten spos\u00f3b s\u0105 przechowywane do momentu, gdy u\u017cytkownik poprosi nas o ich usuni\u0119cie, sam usunie plik cookie Complianz lub gdy cel przechowywania danych przestanie obowi\u0105zywa\u0107. Obowi\u0105zkowe ustawowe obowi\u0105zki przechowywania danych pozostaj\u0105 nienaruszone.<\/p> <p>Complianz s\u0142u\u017cy do uzyskania wymaganej prawem zgody na korzystanie z plik\u00f3w cookie. Podstaw\u0105 prawn\u0105 jest art. 6 ust. 1 lit. c RODO.<\/p>\n<h3>Formularz kontaktowy<\/h3> <p>Je\u015bli wy\u015blesz do nas zapytanie za po\u015brednictwem formularza kontaktowego, Twoje dane z formularza zapytania, w tym dane kontaktowe, kt\u00f3re tam podasz, b\u0119d\u0105 przez nas przechowywane w celu przetworzenia zapytania oraz w przypadku dalszych pyta\u0144. Nie b\u0119dziemy przekazywa\u0107 tych danych bez zgody u\u017cytkownika.<\/p> <p>Dane te s\u0105 przetwarzane na podstawie art. 6 ust. 1 lit. b RODO, je\u015bli zapytanie u\u017cytkownika jest zwi\u0105zane z realizacj\u0105 umowy lub jest niezb\u0119dne do wdro\u017cenia \u015brodk\u00f3w przedumownych. We wszystkich innych przypadkach przetwarzanie opiera si\u0119 na naszym uzasadnionym interesie w skutecznym przetwarzaniu kierowanych do nas zapyta\u0144 (art. 6 ust. 1 lit. f RODO) lub na Twojej zgodzie (art. 6 ust. 1 lit. a RODO), je\u015bli zosta\u0142a ona udzielona; zgoda mo\u017ce zosta\u0107 odwo\u0142ana w dowolnym momencie.<\/p> <p>B\u0119dziemy przechowywa\u0107 dane podane przez u\u017cytkownika w formularzu kontaktowym, dop\u00f3ki nie za\u017c\u0105da on ich usuni\u0119cia, nie cofnie zgody na ich przechowywanie lub nie ustanie cel ich przechowywania (np. po spe\u0142nieniu \u017c\u0105dania u\u017cytkownika). Obowi\u0105zkowe przepisy ustawowe - w szczeg\u00f3lno\u015bci okresy przechowywania - pozostaj\u0105 nienaruszone.<\/p>\n<h3>Zapytanie przez e-mail, telefon lub faks<\/h3> <p>Je\u015bli u\u017cytkownik skontaktuje si\u0119 z nami za po\u015brednictwem poczty elektronicznej, telefonu lub faksu, jego zapytanie, w tym wszystkie dane osobowe (imi\u0119 i nazwisko, zapytanie), b\u0119d\u0105 przechowywane i przetwarzane przez nas w celu przetworzenia zapytania. Nie przeka\u017cemy tych danych bez zgody u\u017cytkownika.<\/p> <p>Dane te s\u0105 przetwarzane na podstawie art. 6 ust. 1 lit. b RODO, je\u015bli zapytanie u\u017cytkownika jest zwi\u0105zane z realizacj\u0105 umowy lub jest niezb\u0119dne do wdro\u017cenia \u015brodk\u00f3w przedumownych. We wszystkich innych przypadkach przetwarzanie opiera si\u0119 na naszym uzasadnionym interesie w skutecznym przetwarzaniu kierowanych do nas zapyta\u0144 (art. 6 ust. 1 lit. f RODO) lub na Twojej zgodzie (art. 6 ust. 1 lit. a RODO), je\u015bli zosta\u0142a ona udzielona; zgoda mo\u017ce zosta\u0107 odwo\u0142ana w dowolnym momencie.<\/p> <p>Dane przes\u0142ane do nas za po\u015brednictwem pr\u00f3\u015bb o kontakt pozostan\u0105 u nas do czasu, gdy poprosisz nas o ich usuni\u0119cie, cofniesz zgod\u0119 na przechowywanie lub cel przechowywania danych przestanie obowi\u0105zywa\u0107 (np. po przetworzeniu Twojego \u017c\u0105dania). Obowi\u0105zkowe przepisy ustawowe - w szczeg\u00f3lno\u015bci ustawowe okresy przechowywania - pozostaj\u0105 nienaruszone.<\/p>\n<h3>Komunikacja za po\u015brednictwem WhatsApp<\/h3> <p>Do komunikacji z naszymi klientami i innymi stronami trzecimi u\u017cywamy mi\u0119dzy innymi komunikatora internetowego WhatsApp. Dostawc\u0105 jest WhatsApp Ireland Limited, 4 Grand Canal Square, Grand Canal Harbour, Dublin 2, Irlandia.<\/p> <p>Komunikacja odbywa si\u0119 za pomoc\u0105 szyfrowania end-to-end (peer-to-peer), co uniemo\u017cliwia WhatsApp lub innym stronom trzecim uzyskanie dost\u0119pu do tre\u015bci komunikacji. WhatsApp otrzymuje jednak dost\u0119p do metadanych, kt\u00f3re s\u0105 tworzone w trakcie procesu komunikacji (np. nadawca, odbiorca i czas). Chcieliby\u015bmy r\u00f3wnie\u017c zwr\u00f3ci\u0107 uwag\u0119, \u017ce WhatsApp twierdzi, \u017ce udost\u0119pnia dane osobowe swoich u\u017cytkownik\u00f3w swojej sp\u00f3\u0142ce macierzystej Meta z siedzib\u0105 w USA. Dalsze szczeg\u00f3\u0142y dotycz\u0105ce przetwarzania danych mo\u017cna znale\u017a\u0107 w polityce prywatno\u015bci WhatsApp pod adresem <a href=\"https:\/\/www.whatsapp.com\/legal\/#privacy-policy\" target=\"_blank\" rel=\"noopener noreferrer\">https:\/\/www.whatsapp.com\/legal\/#privacy-policy<\/a>.<\/p> <p>WhatsApp jest wykorzystywany na podstawie naszego uzasadnionego interesu w jak najszybszej i najskuteczniejszej komunikacji z klientami, zainteresowanymi stronami oraz innymi partnerami biznesowymi i umownymi (art. 6 ust. 1 lit. f RODO). Je\u015bli za\u017c\u0105dano odpowiedniej zgody, przetwarzanie danych odbywa si\u0119 wy\u0142\u0105cznie na podstawie zgody; mo\u017cna j\u0105 odwo\u0142a\u0107 w dowolnym momencie ze skutkiem na przysz\u0142o\u015b\u0107.<\/p> <p>Tre\u015bci komunikacji wymieniane mi\u0119dzy u\u017cytkownikiem a nami za po\u015brednictwem WhatsApp pozostan\u0105 u nas do czasu, gdy u\u017cytkownik poprosi nas o ich usuni\u0119cie, cofnie zgod\u0119 na przechowywanie lub cel przechowywania danych przestanie mie\u0107 zastosowanie (np. po przetworzeniu zapytania). Obowi\u0105zkowe przepisy ustawowe - w szczeg\u00f3lno\u015bci okresy przechowywania - pozostaj\u0105 nienaruszone.<\/p>\n<p>Firma posiada certyfikat zgodno\u015bci z \"EU-US Data Privacy Framework\" (DPF). DPF to umowa mi\u0119dzy Uni\u0105 Europejsk\u0105 a USA, kt\u00f3ra ma na celu zapewnienie zgodno\u015bci z europejskimi standardami ochrony danych w zakresie przetwarzania danych w USA. Ka\u017cda firma certyfikowana w ramach DPF zobowi\u0105zuje si\u0119 do przestrzegania tych standard\u00f3w ochrony danych. Wi\u0119cej informacji na ten temat mo\u017cna uzyska\u0107 od dostawcy pod poni\u017cszym linkiem: <a href=\"https:\/\/www.dataprivacyframework.gov\/s\/participant-search\/participant-detail?contact=true&#038;id=a2zt00000011sfnAAA&#038;status=Active\" target=\"_blank\" rel=\"noopener noreferrer\">https:\/\/www.dataprivacyframework.gov\/s\/participant-search\/participant-detail?contact=true&#038;id=a2zt00000011sfnAAA&#038;status=Active<\/a>.<\/p>\n<p>U\u017cywamy WhatsApp w wersji \"WhatsApp Business\".<\/p> <p>Przekazywanie danych do USA odbywa si\u0119 na podstawie standardowych klauzul umownych Komisji Europejskiej. Szczeg\u00f3\u0142y mo\u017cna znale\u017a\u0107 tutaj: <a href=\"https:\/\/www.whatsapp.com\/legal\/business-data-transfer-addendum\" target=\"_blank\" rel=\"noopener noreferrer\">https:\/\/www.whatsapp.com\/legal\/business-data-transfer-addendum<\/a>.<\/p>\n<p>Zawarli\u015bmy umow\u0119 o przetwarzanie zam\u00f3wie\u0144 (AVV) z wy\u017cej wymienionym dostawc\u0105.<\/p>\n<h3>Calendly<\/h3> <p>Mo\u017cesz um\u00f3wi\u0107 si\u0119 z nami na spotkanie na naszej stronie internetowej. Do rezerwacji spotka\u0144 u\u017cywamy narz\u0119dzia \"Calendly\". Dostawc\u0105 jest Calendly LLC, 271 17th St NW, 10th Floor, Atlanta, Georgia 30363, USA (dalej \"Calendly\").<\/p> <p>Aby zarezerwowa\u0107 spotkanie, wprowad\u017a wymagane dane i \u017c\u0105dan\u0105 dat\u0119 w udost\u0119pnionym formularzu. Wprowadzone dane zostan\u0105 wykorzystane do zaplanowania, realizacji i, w razie potrzeby, monitorowania spotkania. Dane dotycz\u0105ce spotka\u0144 s\u0105 dla nas przechowywane na serwerach Calendly, kt\u00f3rego polityk\u0119 prywatno\u015bci mo\u017cna wy\u015bwietli\u0107 tutaj: <a href=\"https:\/\/calendly.com\/privacy\" target=\"_blank\" rel=\"noopener noreferrer\">https:\/\/calendly.com\/privacy<\/a>.<\/p> <p>Wprowadzone dane pozostan\u0105 u nas do momentu, gdy u\u017cytkownik poprosi nas o ich usuni\u0119cie, cofnie zgod\u0119 na ich przechowywanie lub gdy cel przechowywania danych przestanie obowi\u0105zywa\u0107. Obowi\u0105zkowe przepisy ustawowe - w szczeg\u00f3lno\u015bci okresy przechowywania - pozostaj\u0105 nienaruszone.<\/p> <p>Podstaw\u0105 prawn\u0105 przetwarzania danych jest art. 6 ust. 1 lit. f RODO. Operator strony internetowej ma uzasadniony interes w tym, aby umawianie spotka\u0144 z zainteresowanymi stronami i klientami by\u0142o jak najmniej skomplikowane. Je\u015bli za\u017c\u0105dano odpowiedniej zgody, przetwarzanie odbywa si\u0119 wy\u0142\u0105cznie na podstawie art. 6 ust. 1 lit. a RODO i \u00a7 25 ust. 1 RODO, o ile zgoda obejmuje przechowywanie plik\u00f3w cookie lub dost\u0119p do informacji w urz\u0105dzeniu ko\u0144cowym u\u017cytkownika (np. odciski palc\u00f3w urz\u0105dzenia) w rozumieniu RODO. Zgoda mo\u017ce zosta\u0107 cofni\u0119ta w dowolnym momencie.<\/p> <p>Przekazywanie danych do USA odbywa si\u0119 na podstawie standardowych klauzul umownych Komisji Europejskiej. Szczeg\u00f3\u0142y mo\u017cna znale\u017a\u0107 tutaj: <a href=\"https:\/\/calendly.com\/pages\/dpa\" target=\"_blank\" rel=\"noopener noreferrer\">https:\/\/calendly.com\/pages\/dpa<\/a>.<\/p>\n<p>Firma posiada certyfikat zgodno\u015bci z \"EU-US Data Privacy Framework\" (DPF). DPF to umowa mi\u0119dzy Uni\u0105 Europejsk\u0105 a USA, kt\u00f3ra ma na celu zapewnienie zgodno\u015bci z europejskimi standardami ochrony danych w zakresie przetwarzania danych w USA. Ka\u017cda firma certyfikowana w ramach DPF zobowi\u0105zuje si\u0119 do przestrzegania tych standard\u00f3w ochrony danych. Wi\u0119cej informacji na ten temat mo\u017cna uzyska\u0107 od dostawcy pod poni\u017cszym linkiem: <a href=\"https:\/\/www.dataprivacyframework.gov\/participant\/6050\" target=\"_blank\" rel=\"noopener noreferrer\">https:\/\/www.dataprivacyframework.gov\/participant\/6050<\/a>.<\/p>\n<h4>Przetwarzanie zam\u00f3wie\u0144<\/h4> <p>Zawarli\u015bmy umow\u0119 o przetwarzaniu danych (RODO) w celu korzystania z wy\u017cej wymienionej us\u0142ugi. Jest to umowa okre\u015blona przez prawo o ochronie danych, kt\u00f3ra gwarantuje, \u017ce przetwarza dane osobowe os\u00f3b odwiedzaj\u0105cych nasz\u0105 stron\u0119 internetow\u0105 wy\u0142\u0105cznie zgodnie z naszymi instrukcjami i zgodnie z RODO.<\/p>\n<h2>5. media spo\u0142eczno\u015bciowe<\/h2>\n<h3>Facebook<\/h3> <p>Elementy sieci spo\u0142eczno\u015bciowej Facebook s\u0105 zintegrowane na tej stronie. Dostawc\u0105 tej us\u0142ugi jest Meta Platforms Ireland Limited, Merrion Road, Dublin 4, D04 X2K5, Irlandia. Jednak wed\u0142ug Facebooka zebrane dane s\u0105 r\u00f3wnie\u017c przekazywane do USA i innych kraj\u00f3w trzecich.<\/p> <p>Przegl\u0105d element\u00f3w medi\u00f3w spo\u0142eczno\u015bciowych Facebooka mo\u017cna znale\u017a\u0107 tutaj: <a href=\"https:\/\/developers.facebook.com\/docs\/plugins\/?locale=de_DE\" target=\"_blank\" rel=\"noopener noreferrer\">https:\/\/developers.facebook.com\/docs\/plugins\/?locale=de_DE<\/a>.<\/p> <p>Gdy element medi\u00f3w spo\u0142eczno\u015bciowych jest aktywny, nawi\u0105zywane jest bezpo\u015brednie po\u0142\u0105czenie mi\u0119dzy urz\u0105dzeniem ko\u0144cowym u\u017cytkownika a serwerem Facebooka. Facebook otrzymuje informacj\u0119, \u017ce u\u017cytkownik odwiedzi\u0142 t\u0119 witryn\u0119 za pomoc\u0105 adresu IP. Je\u015bli u\u017cytkownik kliknie przycisk \"Lubi\u0119 to\" na Facebooku, b\u0119d\u0105c zalogowanym na swoim koncie na Facebooku, mo\u017ce powi\u0105za\u0107 zawarto\u015b\u0107 tej strony ze swoim profilem na Facebooku. Dzi\u0119ki temu Facebook mo\u017ce powi\u0105za\u0107 wizyt\u0119 na tej stronie z kontem u\u017cytkownika. Pragniemy podkre\u015bli\u0107, \u017ce jako dostawca stron nie mamy wiedzy na temat tre\u015bci przesy\u0142anych danych ani ich wykorzystania przez Facebook. Wi\u0119cej informacji na ten temat mo\u017cna znale\u017a\u0107 w polityce prywatno\u015bci Facebooka pod adresem <a href=\"https:\/\/de-de.facebook.com\/privacy\/explanation\" target=\"_blank\" rel=\"noopener noreferrer\">https:\/\/de-de.facebook.com\/privacy\/explanation<\/a>.<\/p> <p>Korzystanie z tej us\u0142ugi odbywa si\u0119 na podstawie zgody u\u017cytkownika zgodnie z art. 6 ust. 1 lit. a RODO i \u00a7 25 ust. 1 RODO. Zgoda mo\u017ce zosta\u0107 cofni\u0119ta w dowolnym momencie.<\/p> <p>W zakresie, w jakim dane osobowe s\u0105 gromadzone na naszej stronie internetowej za pomoc\u0105 opisanego tutaj narz\u0119dzia i przekazywane do Facebooka, my i Meta Platforms Ireland Limited, 4 Grand Canal Square, Grand Canal Harbour, Dublin 2, Irlandia jeste\u015bmy wsp\u00f3lnie odpowiedzialni za to przetwarzanie danych (art. 26 RODO). Wsp\u00f3lna odpowiedzialno\u015b\u0107 ogranicza si\u0119 wy\u0142\u0105cznie do gromadzenia danych i ich przekazywania do Facebooka. Przetwarzanie danych przez Facebook po ich przekazaniu nie wchodzi w zakres wsp\u00f3lnej odpowiedzialno\u015bci. Obowi\u0105zki spoczywaj\u0105ce na nas wsp\u00f3lnie zosta\u0142y okre\u015blone w umowie o wsp\u00f3lnym przetwarzaniu danych. Tre\u015b\u0107 umowy mo\u017cna znale\u017a\u0107 pod adresem <a href=\"https:\/\/www.facebook.com\/legal\/controller_addendum\" target=\"_blank\" rel=\"noopener noreferrer\">https:\/\/www.facebook.com\/legal\/controller_addendum<\/a>. Zgodnie z t\u0105 umow\u0105 jeste\u015bmy odpowiedzialni za dostarczanie informacji o ochronie danych podczas korzystania z narz\u0119dzia Facebooka oraz za bezpieczne wdro\u017cenie narz\u0119dzia na naszej stronie internetowej zgodnie z prawem o ochronie danych. Facebook jest odpowiedzialny za bezpiecze\u0144stwo danych w produktach Facebooka. U\u017cytkownik mo\u017ce dochodzi\u0107 praw osoby, kt\u00f3rej dane dotycz\u0105 (np. \u017c\u0105dania informacji) w odniesieniu do danych przetwarzanych przez Facebook bezpo\u015brednio z Facebookiem. W przypadku dochodzenia praw osoby, kt\u00f3rej dane dotycz\u0105 u nas, jeste\u015bmy zobowi\u0105zani do przekazania ich Facebookowi.<\/p> <p>Przekazywanie danych do USA odbywa si\u0119 na podstawie standardowych klauzul umownych Komisji Europejskiej. Szczeg\u00f3\u0142y mo\u017cna znale\u017a\u0107 tutaj: <a href=\"https:\/\/www.facebook.com\/legal\/EU_data_transfer_addendum\" target=\"_blank\" rel=\"noopener noreferrer\">https:\/\/www.facebook.com\/legal\/EU_data_transfer_addendum<\/a>, <a href=\"https:\/\/de-de.facebook.com\/help\/566994660333381\" target=\"_blank\" rel=\"noopener noreferrer\">https:\/\/de-de.facebook.com\/help\/566994660333381<\/a> oraz <a href=\"https:\/\/www.facebook.com\/policy.php\" target=\"_blank\" rel=\"noopener noreferrer\">https:\/\/www.facebook.com\/policy.php<\/a>.<\/p>\n<p>Firma posiada certyfikat zgodno\u015bci z \"EU-US Data Privacy Framework\" (DPF). DPF to umowa mi\u0119dzy Uni\u0105 Europejsk\u0105 a USA, kt\u00f3ra ma na celu zapewnienie zgodno\u015bci z europejskimi standardami ochrony danych w zakresie przetwarzania danych w USA. Ka\u017cda firma certyfikowana w ramach DPF zobowi\u0105zuje si\u0119 do przestrzegania tych standard\u00f3w ochrony danych. Wi\u0119cej informacji na ten temat mo\u017cna uzyska\u0107 od dostawcy pod poni\u017cszym linkiem: <a href=\"https:\/\/www.dataprivacyframework.gov\/s\/participant-search\/participant-detail?contact=true&#038;id=a2zt0000000GnywAAC&#038;status=Active\" target=\"_blank\" rel=\"noopener noreferrer\">https:\/\/www.dataprivacyframework.gov\/s\/participant-search\/participant-detail?contact=true&#038;id=a2zt0000000GnywAAC&#038;status=Active<\/a>.<\/p>\n<h3>X (dawniej Twitter)<\/h3> <p>Funkcje us\u0142ugi X (dawniej Twitter) s\u0105 zintegrowane na tej stronie internetowej. Funkcje te s\u0105 oferowane przez sp\u00f3\u0142k\u0119 macierzyst\u0105 X Corp, 1355 Market Street, Suite 900, San Francisco, CA 94103, USA. Twitter International Unlimited Company, One Cumberland Place, Fenian Street, Dublin 2, D02 AX07, Irlandia, jest odpowiedzialna za przetwarzanie danych os\u00f3b mieszkaj\u0105cych poza USA.<\/p> <p>Gdy element medi\u00f3w spo\u0142eczno\u015bciowych jest aktywny, nawi\u0105zywane jest bezpo\u015brednie po\u0142\u0105czenie mi\u0119dzy urz\u0105dzeniem ko\u0144cowym u\u017cytkownika a serwerem X. W ten spos\u00f3b X (dawniej Twitter) otrzymuje informacje o wizycie u\u017cytkownika na tej stronie. Korzystaj\u0105c z X (dawniej Twitter) i funkcji \"Re-Tweet\" lub \"Repost\", odwiedzane strony internetowe s\u0105 powi\u0105zane z kontem X (dawniej Twitter) i udost\u0119pniane innym u\u017cytkownikom. Pragniemy podkre\u015bli\u0107, \u017ce jako dostawca stron nie mamy wiedzy na temat tre\u015bci przesy\u0142anych danych ani ich wykorzystania przez X (dawniej Twitter). Wi\u0119cej informacji na ten temat mo\u017cna znale\u017a\u0107 w polityce prywatno\u015bci X (dawniej Twitter) pod adresem <a href=\"https:\/\/x.com\/de\/privacy\" target=\"_blank\" rel=\"noopener noreferrer\">https:\/\/x.com\/de\/privacy<\/a>.<\/p> <p>Korzystanie z tej us\u0142ugi odbywa si\u0119 na podstawie zgody u\u017cytkownika zgodnie z art. 6 ust. 1 lit. a RODO i \u00a7 25 ust. 1 RODO. Zgoda mo\u017ce zosta\u0107 cofni\u0119ta w dowolnym momencie.<\/p> <p>Przekazywanie danych do USA odbywa si\u0119 na podstawie standardowych klauzul umownych Komisji Europejskiej. Szczeg\u00f3\u0142y mo\u017cna znale\u017a\u0107 tutaj: <a href=\"https:\/\/gdpr.x.com\/en\/controller-to-controller-transfers.html\" target=\"_blank\" rel=\"noopener noreferrer\">https:\/\/gdpr.x.com\/en\/controller-to-controller-transfers.html<\/a>.<\/p> <p>Ustawienia prywatno\u015bci dla X (dawniej Twitter) mo\u017cna zmieni\u0107 w ustawieniach konta w sekcji <a href=\"https:\/\/x.com\/settings\/account\" target=\"_blank\" rel=\"noopener noreferrer\">https:\/\/x.com\/settings\/account<\/a> zmiana.<\/p>\n\n<h3>Instagram<\/h3> <p>Funkcje serwisu Instagram s\u0105 zintegrowane na tej stronie internetowej. Funkcje te s\u0105 oferowane przez Meta Platforms Ireland Limited, Merrion Road, Dublin 4, D04 X2K5, Irlandia.<\/p> <p>Gdy element medi\u00f3w spo\u0142eczno\u015bciowych jest aktywny, nawi\u0105zywane jest bezpo\u015brednie po\u0142\u0105czenie mi\u0119dzy urz\u0105dzeniem u\u017cytkownika a serwerem Instagram. W ten spos\u00f3b Instagram otrzymuje informacje o wizycie u\u017cytkownika na tej stronie.<\/p> <p>Je\u015bli u\u017cytkownik jest zalogowany na swoim koncie na Instagramie, mo\u017ce po\u0142\u0105czy\u0107 zawarto\u015b\u0107 tej witryny ze swoim profilem na Instagramie, klikaj\u0105c przycisk Instagram. Umo\u017cliwi to Instagramowi powi\u0105zanie wizyty na tej stronie z kontem u\u017cytkownika. Pragniemy podkre\u015bli\u0107, \u017ce jako dostawca stron nie mamy wiedzy na temat tre\u015bci przesy\u0142anych danych ani ich wykorzystania przez Instagram.<\/p> <p>Korzystanie z tej us\u0142ugi odbywa si\u0119 na podstawie zgody u\u017cytkownika zgodnie z art. 6 ust. 1 lit. a RODO i \u00a7 25 ust. 1 RODO. Zgoda mo\u017ce zosta\u0107 cofni\u0119ta w dowolnym momencie.<\/p> <p>W zakresie, w jakim dane osobowe s\u0105 gromadzone na naszej stronie internetowej za pomoc\u0105 opisanego tutaj narz\u0119dzia i przekazywane do Facebooka lub Instagrama, my i Meta Platforms Ireland Limited, 4 Grand Canal Square, Grand Canal Harbour, Dublin 2, Irlandia jeste\u015bmy wsp\u00f3lnie odpowiedzialni za to przetwarzanie danych (art. 26 RODO). Wsp\u00f3lna odpowiedzialno\u015b\u0107 ogranicza si\u0119 wy\u0142\u0105cznie do gromadzenia danych i ich przekazywania do Facebooka lub Instagrama. Przetwarzanie danych przez Facebook lub Instagram po ich przekazaniu nie jest obj\u0119te wsp\u00f3ln\u0105 odpowiedzialno\u015bci\u0105. Wsp\u00f3lne obowi\u0105zki spoczywaj\u0105ce na nas zosta\u0142y okre\u015blone w umowie o wsp\u00f3lnym przetwarzaniu danych. Tre\u015b\u0107 umowy mo\u017cna znale\u017a\u0107 pod adresem <a href=\"https:\/\/www.facebook.com\/legal\/controller_addendum\" target=\"_blank\" rel=\"noopener noreferrer\">https:\/\/www.facebook.com\/legal\/controller_addendum<\/a>. Zgodnie z t\u0105 umow\u0105 jeste\u015bmy odpowiedzialni za dostarczanie informacji o ochronie danych podczas korzystania z narz\u0119dzia Facebooka lub Instagrama oraz za bezpieczne wdro\u017cenie narz\u0119dzia na naszej stronie internetowej zgodnie z prawem o ochronie danych. Facebook jest odpowiedzialny za bezpiecze\u0144stwo danych w produktach Facebooka i Instagrama. U\u017cytkownik mo\u017ce dochodzi\u0107 praw osoby, kt\u00f3rej dane dotycz\u0105 (np. \u017c\u0105dania informacji) w odniesieniu do danych przetwarzanych przez Facebook lub Instagram bezpo\u015brednio z Facebookiem. W przypadku dochodzenia praw osoby, kt\u00f3rej dane dotycz\u0105 u nas, jeste\u015bmy zobowi\u0105zani do przekazania ich Facebookowi.<\/p> <p>Przekazywanie danych do USA odbywa si\u0119 na podstawie standardowych klauzul umownych Komisji Europejskiej. Szczeg\u00f3\u0142y mo\u017cna znale\u017a\u0107 tutaj: <a href=\"https:\/\/www.facebook.com\/legal\/EU_data_transfer_addendum\" target=\"_blank\" rel=\"noopener noreferrer\">https:\/\/www.facebook.com\/legal\/EU_data_transfer_addendum<\/a>, <a href=\"https:\/\/privacycenter.instagram.com\/policy\/\" target=\"_blank\" rel=\"noopener noreferrer\">https:\/\/privacycenter.instagram.com\/policy\/<\/a> oraz <a href=\"https:\/\/de-de.facebook.com\/help\/566994660333381\" target=\"_blank\" rel=\"noopener noreferrer\">https:\/\/de-de.facebook.com\/help\/566994660333381<\/a>.<\/p> <p>Wi\u0119cej informacji na ten temat mo\u017cna znale\u017a\u0107 w polityce prywatno\u015bci Instagrama: <a href=\"https:\/\/privacycenter.instagram.com\/policy\/\" target=\"_blank\" rel=\"noopener noreferrer\">https:\/\/privacycenter.instagram.com\/policy\/<\/a>.<\/p>\n<p>Firma posiada certyfikat zgodno\u015bci z \"EU-US Data Privacy Framework\" (DPF). DPF to umowa mi\u0119dzy Uni\u0105 Europejsk\u0105 a USA, kt\u00f3ra ma na celu zapewnienie zgodno\u015bci z europejskimi standardami ochrony danych w zakresie przetwarzania danych w USA. Ka\u017cda firma certyfikowana w ramach DPF zobowi\u0105zuje si\u0119 do przestrzegania tych standard\u00f3w ochrony danych. Wi\u0119cej informacji na ten temat mo\u017cna uzyska\u0107 od dostawcy pod poni\u017cszym linkiem: <a href=\"https:\/\/www.dataprivacyframework.gov\/s\/participant-search\/participant-detail?contact=true&#038;id=a2zt0000000GnywAAC&#038;status=Active\" target=\"_blank\" rel=\"noopener noreferrer\">https:\/\/www.dataprivacyframework.gov\/s\/participant-search\/participant-detail?contact=true&#038;id=a2zt0000000GnywAAC&#038;status=Active<\/a>.<\/p>\n<h3>LinkedIn<\/h3> <p>Niniejsza witryna korzysta z element\u00f3w sieci LinkedIn. Dostawc\u0105 jest LinkedIn Ireland Unlimited Company, Wilton Plaza, Wilton Place, Dublin 2, Irlandia.<\/p> <p>Za ka\u017cdym razem, gdy u\u017cytkownik uzyskuje dost\u0119p do strony w tej witrynie, kt\u00f3ra zawiera elementy z LinkedIn, nawi\u0105zywane jest po\u0142\u0105czenie z serwerami LinkedIn. LinkedIn jest informowany, \u017ce u\u017cytkownik odwiedzi\u0142 t\u0119 witryn\u0119 za pomoc\u0105 swojego adresu IP. Je\u015bli u\u017cytkownik kliknie przycisk LinkedIn \"Pole\u0107\" i jest zalogowany na swoim koncie LinkedIn, LinkedIn mo\u017ce powi\u0105za\u0107 wizyt\u0119 na tej stronie z u\u017cytkownikiem i jego kontem u\u017cytkownika. Pragniemy podkre\u015bli\u0107, \u017ce jako dostawca stron nie mamy wiedzy na temat tre\u015bci przesy\u0142anych danych ani ich wykorzystania przez LinkedIn.<\/p> <p>Korzystanie z tej us\u0142ugi odbywa si\u0119 na podstawie zgody u\u017cytkownika zgodnie z art. 6 ust. 1 lit. a RODO i \u00a7 25 ust. 1 RODO. Zgoda mo\u017ce zosta\u0107 cofni\u0119ta w dowolnym momencie.<\/p> <p>Przekazywanie danych do USA odbywa si\u0119 na podstawie standardowych klauzul umownych Komisji Europejskiej. Szczeg\u00f3\u0142y mo\u017cna znale\u017a\u0107 tutaj: <a href=\"https:\/\/www.linkedin.com\/help\/linkedin\/answer\/a1343190\/datenubertragung-aus-der-eu-dem-ewr-und-der-schweiz?lang=de\" target=\"_blank\" rel=\"noopener noreferrer\">https:\/\/www.linkedin.com\/help\/linkedin\/answer\/a1343190\/datenubertragung-aus-der-eu-dem-ewr-und-der-schweiz?lang=de<\/a><\/p> <p>Wi\u0119cej informacji na ten temat mo\u017cna znale\u017a\u0107 w polityce prywatno\u015bci LinkedIn: <a href=\"https:\/\/www.linkedin.com\/legal\/privacy-policy\" target=\"_blank\" rel=\"noopener noreferrer\">https:\/\/www.linkedin.com\/legal\/privacy-policy<\/a>.<\/p>\n<p>Firma posiada certyfikat zgodno\u015bci z \"EU-US Data Privacy Framework\" (DPF). DPF to umowa mi\u0119dzy Uni\u0105 Europejsk\u0105 a USA, kt\u00f3ra ma na celu zapewnienie zgodno\u015bci z europejskimi standardami ochrony danych w zakresie przetwarzania danych w USA. Ka\u017cda firma certyfikowana w ramach DPF zobowi\u0105zuje si\u0119 do przestrzegania tych standard\u00f3w ochrony danych. Wi\u0119cej informacji na ten temat mo\u017cna uzyska\u0107 od dostawcy pod poni\u017cszym linkiem: <a href=\"https:\/\/www.dataprivacyframework.gov\/participant\/5448\" target=\"_blank\" rel=\"noopener noreferrer\">https:\/\/www.dataprivacyframework.gov\/participant\/5448<\/a>.<\/p>\n<h2>6. narz\u0119dzia analityczne i reklama<\/h2>\n<h3>Google Analytics<\/h3> <p>Niniejsza witryna internetowa korzysta z funkcji us\u0142ugi analizy internetowej Google Analytics. Dostawc\u0105 jest Google Ireland Limited (\"Google\"), Gordon House, Barrow Street, Dublin 4, Irlandia.<\/p> <p>Google Analytics umo\u017cliwia operatorowi witryny analiz\u0119 zachowa\u0144 odwiedzaj\u0105cych witryn\u0119. Operator witryny otrzymuje r\u00f3\u017cne dane dotycz\u0105ce u\u017cytkowania, takie jak ods\u0142ony strony, d\u0142ugo\u015b\u0107 wizyty, u\u017cywane systemy operacyjne i pochodzenie u\u017cytkownika. Dane te s\u0105 podsumowywane w identyfikatorze u\u017cytkownika i przypisywane do odpowiedniego urz\u0105dzenia ko\u0144cowego osoby odwiedzaj\u0105cej witryn\u0119.<\/p> <p>Mo\u017cemy r\u00f3wnie\u017c u\u017cywa\u0107 Google Analytics do rejestrowania ruch\u00f3w myszy i przewijania oraz klikni\u0119\u0107, mi\u0119dzy innymi. Google Analytics wykorzystuje r\u00f3wnie\u017c r\u00f3\u017cne podej\u015bcia do modelowania w celu uzupe\u0142nienia zarejestrowanych rekord\u00f3w danych i wykorzystuje technologie uczenia maszynowego do analizy danych.<\/p>\n <p>Google Analytics wykorzystuje technologie umo\u017cliwiaj\u0105ce rozpoznanie u\u017cytkownika w celu analizy jego zachowania (np. pliki cookie lub odciski palc\u00f3w urz\u0105dze\u0144). Informacje zebrane przez Google na temat korzystania z tej strony internetowej s\u0105 zazwyczaj przesy\u0142ane na serwer Google w USA i tam przechowywane.<\/p> <p>Korzystanie z tej us\u0142ugi odbywa si\u0119 na podstawie zgody u\u017cytkownika zgodnie z art. 6 ust. 1 lit. a RODO i \u00a7 25 ust. 1 RODO. Zgoda mo\u017ce zosta\u0107 cofni\u0119ta w dowolnym momencie.<\/p> <p>Przekazywanie danych do USA odbywa si\u0119 na podstawie standardowych klauzul umownych Komisji Europejskiej. Szczeg\u00f3\u0142y mo\u017cna znale\u017a\u0107 tutaj: <a href=\"https:\/\/privacy.google.com\/businesses\/controllerterms\/mccs\/\" target=\"_blank\" rel=\"noopener noreferrer\">https:\/\/privacy.google.com\/businesses\/controllerterms\/mccs\/<\/a>.<\/p> <p>Firma posiada certyfikat zgodno\u015bci z \"EU-US Data Privacy Framework\" (DPF). DPF to umowa mi\u0119dzy Uni\u0105 Europejsk\u0105 a USA, kt\u00f3ra ma na celu zapewnienie zgodno\u015bci z europejskimi standardami ochrony danych w zakresie przetwarzania danych w USA. Ka\u017cda firma certyfikowana w ramach DPF zobowi\u0105zuje si\u0119 do przestrzegania tych standard\u00f3w ochrony danych. Wi\u0119cej informacji na ten temat mo\u017cna uzyska\u0107 od dostawcy pod poni\u017cszym linkiem: <a href=\"https:\/\/www.dataprivacyframework.gov\/participant\/5780\" target=\"_blank\" rel=\"noopener noreferrer\">https:\/\/www.dataprivacyframework.gov\/participant\/5780<\/a>.<\/p>\n<h4>Anonimizacja adres\u00f3w IP<\/h4> <p>Anonimizacja IP Google Analytics jest aktywna. W rezultacie adres IP u\u017cytkownika zostanie skr\u00f3cony przez Google w pa\u0144stwach cz\u0142onkowskich Unii Europejskiej lub w innych pa\u0144stwach-sygnatariuszach Porozumienia o Europejskim Obszarze Gospodarczym, zanim zostanie przes\u0142any do USA. Tylko w wyj\u0105tkowych przypadkach pe\u0142ny adres IP zostanie przes\u0142any na serwer Google w USA i tam skr\u00f3cony. W imieniu operatora tej witryny Google wykorzysta te informacje do analizy korzystania z witryny przez u\u017cytkownika, tworzenia raport\u00f3w dotycz\u0105cych aktywno\u015bci na stronie oraz \u015bwiadczenia operatorowi witryny innych us\u0142ug zwi\u0105zanych z aktywno\u015bci\u0105 na stronie i korzystaniem z Internetu. Adres IP przes\u0142any przez przegl\u0105dark\u0119 u\u017cytkownika w ramach Google Analytics nie zostanie po\u0142\u0105czony z innymi danymi Google.<\/p>\n <h4>Wtyczka przegl\u0105darki<\/h4> <p>U\u017cytkownik mo\u017ce zapobiec gromadzeniu i przetwarzaniu jego danych przez Google, pobieraj\u0105c i instaluj\u0105c wtyczk\u0119 do przegl\u0105darki dost\u0119pn\u0105 pod poni\u017cszym linkiem: <a href=\"https:\/\/tools.google.com\/dlpage\/gaoptout?hl=de\" target=\"_blank\" rel=\"noopener noreferrer\">https:\/\/tools.google.com\/dlpage\/gaoptout?hl=de<\/a>.<\/p> <p>Wi\u0119cej informacji na temat sposobu, w jaki Google Analytics przetwarza dane u\u017cytkownik\u00f3w, mo\u017cna znale\u017a\u0107 w polityce prywatno\u015bci Google: <a href=\"https:\/\/support.google.com\/analytics\/answer\/6004245?hl=de\" target=\"_blank\" rel=\"noopener noreferrer\">https:\/\/support.google.com\/analytics\/answer\/6004245?hl=de<\/a>.<\/p><h4>Przetwarzanie zam\u00f3wie\u0144<\/h4> <p>Zawarli\u015bmy z Google umow\u0119 o przetwarzanie zam\u00f3wie\u0144 i w pe\u0142ni wdra\u017camy surowe wymagania niemieckich organ\u00f3w ochrony danych podczas korzystania z Google Analytics.<\/p>\n<h3>Reklamy Google<\/h3> <p>Operator strony korzysta z Google Ads. Google Ads to internetowy program reklamowy firmy Google Ireland Limited (\"Google\"), Gordon House, Barrow Street, Dublin 4, Irlandia.<\/p> <p>Google Ads umo\u017cliwia nam wy\u015bwietlanie reklam w wyszukiwarce Google lub na stronach internetowych os\u00f3b trzecich, gdy u\u017cytkownik wprowadzi okre\u015blone wyszukiwane has\u0142a w Google (kierowanie na s\u0142owa kluczowe). Ponadto ukierunkowane reklamy mog\u0105 by\u0107 wy\u015bwietlane na podstawie danych u\u017cytkownika dost\u0119pnych w Google (np. danych o lokalizacji i zainteresowaniach) (targetowanie grup docelowych). Jako operator strony internetowej mo\u017cemy oceni\u0107 te dane ilo\u015bciowo, analizuj\u0105c na przyk\u0142ad, kt\u00f3re wyszukiwane has\u0142a doprowadzi\u0142y do wy\u015bwietlenia naszych reklam i ile reklam doprowadzi\u0142o do odpowiednich klikni\u0119\u0107.<\/p> <p>Korzystanie z tej us\u0142ugi odbywa si\u0119 na podstawie zgody u\u017cytkownika zgodnie z art. 6 ust. 1 lit. a RODO i \u00a7 25 ust. 1 RODO. Zgoda mo\u017ce zosta\u0107 cofni\u0119ta w dowolnym momencie.<\/p> <p>Przekazywanie danych do USA odbywa si\u0119 na podstawie standardowych klauzul umownych Komisji Europejskiej. Szczeg\u00f3\u0142y mo\u017cna znale\u017a\u0107 tutaj: <a href=\"https:\/\/policies.google.com\/privacy\/frameworks\" target=\"_blank\" rel=\"noopener noreferrer\">https:\/\/policies.google.com\/privacy\/frameworks<\/a> oraz <a href=\"https:\/\/business.safety.google\/controllerterms\/\" target=\"_blank\" rel=\"noopener noreferrer\">https:\/\/business.safety.google\/controllerterms\/<\/a>.<\/p>\n<p>Firma posiada certyfikat zgodno\u015bci z \"EU-US Data Privacy Framework\" (DPF). DPF to umowa mi\u0119dzy Uni\u0105 Europejsk\u0105 a USA, kt\u00f3ra ma na celu zapewnienie zgodno\u015bci z europejskimi standardami ochrony danych w zakresie przetwarzania danych w USA. Ka\u017cda firma certyfikowana w ramach DPF zobowi\u0105zuje si\u0119 do przestrzegania tych standard\u00f3w ochrony danych. Wi\u0119cej informacji na ten temat mo\u017cna uzyska\u0107 od dostawcy pod poni\u017cszym linkiem: <a href=\"https:\/\/www.dataprivacyframework.gov\/participant\/5780\" target=\"_blank\" rel=\"noopener noreferrer\">https:\/\/www.dataprivacyframework.gov\/participant\/5780<\/a>.<\/p>\n<h2>7. biuletyn informacyjny<\/h2>\n<h3>Dane biuletynu<\/h3> <p>Je\u015bli u\u017cytkownik chce otrzymywa\u0107 biuletyn oferowany na stronie internetowej, wymagamy podania adresu e-mail oraz informacji, kt\u00f3re pozwol\u0105 nam zweryfikowa\u0107, czy u\u017cytkownik jest w\u0142a\u015bcicielem podanego adresu e-mail i czy wyra\u017ca zgod\u0119 na otrzymywanie biuletynu. Dalsze dane nie s\u0105 gromadzone lub s\u0105 gromadzone wy\u0142\u0105cznie na zasadzie dobrowolno\u015bci. Do przetwarzania newslettera korzystamy z us\u0142ug dostawc\u00f3w newslettera opisanych poni\u017cej.<\/p>\n<h3>Mailchimp<\/h3> <p>Ta strona korzysta z us\u0142ug Mailchimp do wysy\u0142ania newsletter\u00f3w. Dostawc\u0105 jest Rocket Science Group LLC, 675 Ponce De Leon Ave NE, Suite 5000, Atlanta, GA 30308, USA.<\/p> <p>Mailchimp to us\u0142uga, kt\u00f3ra mo\u017ce by\u0107 wykorzystywana mi\u0119dzy innymi do organizowania i analizowania wysy\u0142ania newsletter\u00f3w. Je\u015bli u\u017cytkownik wprowadza dane w celu subskrypcji newslettera (np. adres e-mail), dane te s\u0105 przechowywane na serwerach Mailchimp w USA.<\/p> <p>Z pomoc\u0105 Mailchimp mo\u017cemy analizowa\u0107 nasze kampanie newsletterowe. Po otwarciu wiadomo\u015bci e-mail wys\u0142anej za pomoc\u0105 Mailchimp plik zawarty w wiadomo\u015bci e-mail (znany jako web beacon) \u0142\u0105czy si\u0119 z serwerami Mailchimp w USA. Umo\u017cliwia to ustalenie, czy wiadomo\u015b\u0107 newslettera zosta\u0142a otwarta i kt\u00f3re linki, je\u015bli w og\u00f3le, zosta\u0142y klikni\u0119te. Gromadzone s\u0105 r\u00f3wnie\u017c informacje techniczne (np. czas dost\u0119pu, adres IP, typ przegl\u0105darki i system operacyjny). Informacji tych nie mo\u017cna przypisa\u0107 do danego odbiorcy newslettera. S\u0105 one wykorzystywane wy\u0142\u0105cznie do analizy statystycznej kampanii newsletterowych. Wyniki tych analiz mog\u0105 zosta\u0107 wykorzystane do lepszego dostosowania przysz\u0142ych newsletter\u00f3w do zainteresowa\u0144 odbiorc\u00f3w.<\/p> <p>Je\u015bli u\u017cytkownik nie chce by\u0107 analizowany przez Mailchimp, musi zrezygnowa\u0107 z subskrypcji newslettera. W tym celu udost\u0119pniamy odpowiedni link w ka\u017cdej wiadomo\u015bci newslettera.<\/p> <p>Przetwarzanie danych odbywa si\u0119 na podstawie zgody u\u017cytkownika (art. 6 ust. 1 lit. a RODO). Zgod\u0119 t\u0119 mo\u017cna w ka\u017cdej chwili odwo\u0142a\u0107, rezygnuj\u0105c z subskrypcji newslettera. Rezygnacja nie ma wp\u0142ywu na zgodno\u015b\u0107 z prawem operacji przetwarzania danych, kt\u00f3re ju\u017c mia\u0142y miejsce.<\/p> <p>Dane przekazane nam przez u\u017cytkownika w celu subskrypcji biuletynu b\u0119d\u0105 przechowywane przez nas lub dostawc\u0119 us\u0142ugi biuletynu do momentu rezygnacji z subskrypcji biuletynu i zostan\u0105 usuni\u0119te z listy dystrybucyjnej biuletynu po rezygnacji z subskrypcji biuletynu. Nie ma to wp\u0142ywu na dane przechowywane przez nas w innych celach.<\/p> <p>Przekazywanie danych do USA odbywa si\u0119 na podstawie standardowych klauzul umownych Komisji Europejskiej. Szczeg\u00f3\u0142y mo\u017cna znale\u017a\u0107 tutaj: <a href=\"https:\/\/mailchimp.com\/eu-us-data-transfer-statement\/\" target=\"_blank\" rel=\"noopener noreferrer\">https:\/\/mailchimp.com\/eu-us-data-transfer-statement\/<\/a> oraz <a href=\"https:\/\/mailchimp.com\/legal\/data-processing-addendum\/#Annex_C_-_Standard_Contractual_Clauses\" target=\"_blank\" rel=\"noopener noreferrer\">https:\/\/mailchimp.com\/legal\/data-processing-addendum\/#Annex_C_-_Standard_Contractual_Clauses<\/a>.<\/p> <p>Po wypisaniu si\u0119 z listy dystrybucyjnej biuletynu adres e-mail u\u017cytkownika mo\u017ce zosta\u0107 zapisany przez nas lub dostawc\u0119 us\u0142ugi biuletynu na czarnej li\u015bcie, je\u015bli jest to konieczne, aby zapobiec wysy\u0142aniu wiadomo\u015bci w przysz\u0142o\u015bci. Dane z czarnej listy b\u0119d\u0105 wykorzystywane wy\u0142\u0105cznie w tym celu i nie b\u0119d\u0105 \u0142\u0105czone z innymi danymi. S\u0142u\u017cy to zar\u00f3wno interesowi u\u017cytkownika, jak i naszemu interesowi w przestrzeganiu wymog\u00f3w prawnych przy wysy\u0142aniu newsletter\u00f3w (uzasadniony interes w rozumieniu art. 6 ust. 1 lit. f RODO). Przechowywanie na czarnej li\u015bcie nie jest ograniczone w czasie. <strong>U\u017cytkownik mo\u017ce sprzeciwi\u0107 si\u0119 przechowywaniu danych, je\u015bli jego interesy przewa\u017caj\u0105 nad naszym uzasadnionym interesem.<\/strong><\/p> <p>Wi\u0119cej informacji mo\u017cna znale\u017a\u0107 w polityce prywatno\u015bci Mailchimp pod adresem: <a href=\"https:\/\/mailchimp.com\/legal\/terms\/\" target=\"_blank\" rel=\"noopener noreferrer\">https:\/\/mailchimp.com\/legal\/terms\/<\/a>.<\/p>\n<p>Firma posiada certyfikat zgodno\u015bci z \"EU-US Data Privacy Framework\" (DPF). DPF to umowa mi\u0119dzy Uni\u0105 Europejsk\u0105 a USA, kt\u00f3ra ma na celu zapewnienie zgodno\u015bci z europejskimi standardami ochrony danych w zakresie przetwarzania danych w USA. Ka\u017cda firma certyfikowana w ramach DPF zobowi\u0105zuje si\u0119 do przestrzegania tych standard\u00f3w ochrony danych. Wi\u0119cej informacji na ten temat mo\u017cna uzyska\u0107 od dostawcy pod poni\u017cszym linkiem: <a href=\"https:\/\/www.dataprivacyframework.gov\/s\/participant-search\/participant-detail?contact=true&#038;id=a2zt0000000TXVKAA4&#038;status=Active\" target=\"_blank\" rel=\"noopener noreferrer\">https:\/\/www.dataprivacyframework.gov\/s\/participant-search\/participant-detail?contact=true&#038;id=a2zt0000000TXVKAA4&#038;status=Active<\/a>.<\/p>\n<h4>Przetwarzanie zam\u00f3wie\u0144<\/h4> <p>Zawarli\u015bmy umow\u0119 o przetwarzaniu danych (RODO) w celu korzystania z wy\u017cej wymienionej us\u0142ugi. Jest to umowa okre\u015blona przez prawo o ochronie danych, kt\u00f3ra gwarantuje, \u017ce przetwarza dane osobowe os\u00f3b odwiedzaj\u0105cych nasz\u0105 stron\u0119 internetow\u0105 wy\u0142\u0105cznie zgodnie z naszymi instrukcjami i zgodnie z RODO.<\/p>\n<h3>Wysy\u0142anie newsletter\u00f3w do istniej\u0105cych klient\u00f3w<\/h3> <p>Je\u015bli u\u017cytkownik zam\u00f3wi u nas towary lub us\u0142ugi i poda sw\u00f3j adres e-mail, adres ten mo\u017ce by\u0107 nast\u0119pnie wykorzystywany przez nas do wysy\u0142ania biuletyn\u00f3w, pod warunkiem, \u017ce poinformujemy o tym u\u017cytkownika z wyprzedzeniem. W takim przypadku za po\u015brednictwem biuletynu b\u0119d\u0105 wysy\u0142ane wy\u0142\u0105cznie bezpo\u015brednie reklamy naszych w\u0142asnych podobnych towar\u00f3w lub us\u0142ug. U\u017cytkownik mo\u017ce w dowolnym momencie zrezygnowa\u0107 z otrzymywania newslettera. W tym celu w ka\u017cdym newsletterze znajduje si\u0119 odpowiedni link. W takim przypadku podstaw\u0105 prawn\u0105 do wysy\u0142ania newslettera jest art. 6 ust. 1 lit. f RODO w zwi\u0105zku z \u00a7 7 ust. 3 UWG.<\/p> <p>Po wypisaniu si\u0119 u\u017cytkownika z listy dystrybucyjnej biuletynu mo\u017cemy zapisa\u0107 jego adres e-mail na czarnej li\u015bcie, aby zapobiec wysy\u0142aniu do niego wiadomo\u015bci w przysz\u0142o\u015bci. Dane z czarnej listy b\u0119d\u0105 wykorzystywane wy\u0142\u0105cznie w tym celu i nie b\u0119d\u0105 \u0142\u0105czone z innymi danymi. S\u0142u\u017cy to zar\u00f3wno interesowi u\u017cytkownika, jak i naszemu interesowi w przestrzeganiu wymog\u00f3w prawnych przy wysy\u0142aniu biuletyn\u00f3w (uzasadniony interes w rozumieniu art. 6 ust. 1 lit. f RODO). Przechowywanie na czarnej li\u015bcie nie jest ograniczone w czasie. U\u017cytkownik mo\u017ce sprzeciwi\u0107 si\u0119 przechowywaniu danych, je\u015bli jego interesy przewa\u017caj\u0105 nad naszym uzasadnionym interesem.<\/p>\n<h2>8. wtyczki i narz\u0119dzia<\/h2>\n<h3>YouTube z rozszerzon\u0105 ochron\u0105 danych<\/h3> <p>Ta strona internetowa zawiera filmy wideo z serwisu YouTube. Operatorem witryny jest Google Ireland Limited (\"Google\"), Gordon House, Barrow Street, Dublin 4, Irlandia.<\/p> <p>Gdy u\u017cytkownik odwiedza jedn\u0105 z tych stron internetowych, na kt\u00f3rych zintegrowany jest YouTube, nawi\u0105zywane jest po\u0142\u0105czenie z serwerami YouTube. Serwer YouTube jest informowany, kt\u00f3re z naszych stron odwiedzi\u0142 u\u017cytkownik. Je\u015bli u\u017cytkownik jest zalogowany na swoim koncie YouTube, umo\u017cliwia YouTube przypisanie jego zachowania podczas surfowania bezpo\u015brednio do jego osobistego profilu. Mo\u017cna temu zapobiec, wylogowuj\u0105c si\u0119 z konta YouTube.<\/p> <p>Korzystamy z YouTube w trybie rozszerzonej ochrony danych. Wed\u0142ug YouTube filmy odtwarzane w trybie rozszerzonej ochrony danych nie s\u0105 wykorzystywane do personalizacji przegl\u0105dania YouTube. Reklamy odtwarzane w trybie rozszerzonej ochrony danych r\u00f3wnie\u017c nie s\u0105 personalizowane. W trybie rozszerzonej ochrony danych nie s\u0105 ustawiane \u017cadne pliki cookie. Zamiast tego w przegl\u0105darce u\u017cytkownika przechowywane s\u0105 tak zwane lokalne elementy pami\u0119ci, kt\u00f3re zawieraj\u0105 dane osobowe podobne do plik\u00f3w cookie i mog\u0105 by\u0107 u\u017cywane do rozpoznawania u\u017cytkownika. Szczeg\u00f3\u0142owe informacje na temat rozszerzonego trybu ochrony danych mo\u017cna znale\u017a\u0107 tutaj: <a href=\"https:\/\/support.google.com\/youtube\/answer\/171780\" target=\"_blank\" rel=\"noopener noreferrer\">https:\/\/support.google.com\/youtube\/answer\/171780<\/a>.<\/p> <p>Po aktywacji filmu YouTube mog\u0105 zosta\u0107 uruchomione dalsze operacje przetwarzania danych, na kt\u00f3re nie mamy wp\u0142ywu.<\/p> <p>Korzystanie z YouTube le\u017cy w interesie atrakcyjnej prezentacji naszych ofert online. Stanowi to uzasadniony interes w rozumieniu art. 6 ust. 1 lit. f RODO. Je\u015bli za\u017c\u0105dano odpowiedniej zgody, przetwarzanie odbywa si\u0119 wy\u0142\u0105cznie na podstawie art. 6 ust. 1 lit. a RODO i \u00a7 25 ust. 1 RODO, o ile zgoda obejmuje przechowywanie plik\u00f3w cookie lub dost\u0119p do informacji w urz\u0105dzeniu ko\u0144cowym u\u017cytkownika (np. odcisk palca urz\u0105dzenia) w rozumieniu RODO. Zgoda mo\u017ce zosta\u0107 cofni\u0119ta w dowolnym momencie.<\/p> <p>Wi\u0119cej informacji na temat ochrony danych w YouTube mo\u017cna znale\u017a\u0107 w ich polityce prywatno\u015bci pod adresem: <a href=\"https:\/\/policies.google.com\/privacy?hl=de\" target=\"_blank\" rel=\"noopener noreferrer\">https:\/\/policies.google.com\/privacy?hl=de<\/a>.<\/p>\n<p>Firma posiada certyfikat zgodno\u015bci z \"EU-US Data Privacy Framework\" (DPF). DPF to umowa mi\u0119dzy Uni\u0105 Europejsk\u0105 a USA, kt\u00f3ra ma na celu zapewnienie zgodno\u015bci z europejskimi standardami ochrony danych w zakresie przetwarzania danych w USA. Ka\u017cda firma certyfikowana w ramach DPF zobowi\u0105zuje si\u0119 do przestrzegania tych standard\u00f3w ochrony danych. Wi\u0119cej informacji na ten temat mo\u017cna uzyska\u0107 od dostawcy pod poni\u017cszym linkiem: <a href=\"https:\/\/www.dataprivacyframework.gov\/participant\/5780\" target=\"_blank\" rel=\"noopener noreferrer\">https:\/\/www.dataprivacyframework.gov\/participant\/5780<\/a>.<\/p>\n<h3>Czcionki Google (lokalny hosting)<\/h3> <p>Ta strona korzysta z tak zwanych czcionek Google Fonts, kt\u00f3re s\u0105 dostarczane przez Google w celu znormalizowanego wy\u015bwietlania czcionek. Czcionki Google s\u0105 instalowane lokalnie. Nie ma po\u0142\u0105czenia z serwerami Google.<\/p> <p>Wi\u0119cej informacji na temat Google Fonts mo\u017cna znale\u017a\u0107 na stronie <a href=\"https:\/\/developers.google.com\/fonts\/faq\" target=\"_blank\" rel=\"noopener noreferrer\">https:\/\/developers.google.com\/fonts\/faq<\/a> oraz w polityce prywatno\u015bci Google: <a href=\"https:\/\/policies.google.com\/privacy?hl=de\" target=\"_blank\" rel=\"noopener noreferrer\">https:\/\/policies.google.com\/privacy?hl=de<\/a>.<\/p>\n<h3>Mapy Google<\/h3> <p>Ta strona korzysta z us\u0142ugi map Google Maps. Dostawc\u0105 jest Google Ireland Limited (\"Google\"), Gordon House, Barrow Street, Dublin 4, Irlandia. Za pomoc\u0105 tej us\u0142ugi mo\u017cemy zintegrowa\u0107 materia\u0142y mapowe na naszej stronie internetowej.<\/p> <p>Aby korzysta\u0107 z funkcji Google Maps, konieczne jest zapisanie adresu IP u\u017cytkownika. Informacje te s\u0105 zazwyczaj przesy\u0142ane na serwer Google w USA i tam przechowywane. Dostawca tej witryny nie ma wp\u0142ywu na ten transfer danych. W przypadku aktywacji Google Maps, Google mo\u017ce korzysta\u0107 z Google Fonts w celu standaryzacji wy\u015bwietlania czcionek. Po wywo\u0142aniu Google Maps przegl\u0105darka \u0142aduje wymagane czcionki internetowe do pami\u0119ci podr\u0119cznej przegl\u0105darki, aby poprawnie wy\u015bwietla\u0107 teksty i czcionki.<\/p> <p>Korzystanie z Google Maps ma na celu atrakcyjn\u0105 prezentacj\u0119 naszych ofert online i u\u0142atwienie znalezienia miejsc, kt\u00f3re wskazali\u015bmy na stronie internetowej. Stanowi to uzasadniony interes w rozumieniu art. 6 ust. 1 lit. f RODO. Je\u015bli za\u017c\u0105dano odpowiedniej zgody, przetwarzanie odbywa si\u0119 wy\u0142\u0105cznie na podstawie art. 6 ust. 1 lit. a RODO i \u00a7 25 ust. 1 RODO, o ile zgoda obejmuje przechowywanie plik\u00f3w cookie lub dost\u0119p do informacji w urz\u0105dzeniu ko\u0144cowym u\u017cytkownika (np. pobieranie odcisk\u00f3w palc\u00f3w urz\u0105dzenia) w rozumieniu RODO. Zgoda mo\u017ce zosta\u0107 cofni\u0119ta w dowolnym momencie.<\/p> <p>Przekazywanie danych do USA odbywa si\u0119 na podstawie standardowych klauzul umownych Komisji Europejskiej. Szczeg\u00f3\u0142y mo\u017cna znale\u017a\u0107 tutaj: <a href=\"https:\/\/privacy.google.com\/businesses\/gdprcontrollerterms\/\" target=\"_blank\" rel=\"noopener noreferrer\">https:\/\/privacy.google.com\/businesses\/gdprcontrollerterms\/<\/a> oraz <a href=\"https:\/\/privacy.google.com\/businesses\/gdprcontrollerterms\/sccs\/\" target=\"_blank\" rel=\"noopener noreferrer\">https:\/\/privacy.google.com\/businesses\/gdprcontrollerterms\/sccs\/<\/a>.<\/p> <p>Wi\u0119cej informacji na temat przetwarzania danych u\u017cytkownik\u00f3w mo\u017cna znale\u017a\u0107 w polityce prywatno\u015bci Google: <a href=\"https:\/\/policies.google.com\/privacy?hl=de\" target=\"_blank\" rel=\"noopener noreferrer\">https:\/\/policies.google.com\/privacy?hl=de<\/a>.<\/p>\n<p>Firma posiada certyfikat zgodno\u015bci z \"EU-US Data Privacy Framework\" (DPF). DPF to umowa mi\u0119dzy Uni\u0105 Europejsk\u0105 a USA, kt\u00f3ra ma na celu zapewnienie zgodno\u015bci z europejskimi standardami ochrony danych w zakresie przetwarzania danych w USA. Ka\u017cda firma certyfikowana w ramach DPF zobowi\u0105zuje si\u0119 do przestrzegania tych standard\u00f3w ochrony danych. Wi\u0119cej informacji na ten temat mo\u017cna uzyska\u0107 od dostawcy pod poni\u017cszym linkiem: <a href=\"https:\/\/www.dataprivacyframework.gov\/participant\/5780\" target=\"_blank\" rel=\"noopener noreferrer\">https:\/\/www.dataprivacyframework.gov\/participant\/5780<\/a>.<\/p>\n<h3>Google reCAPTCHA<\/h3> <p>Na tej stronie u\u017cywamy \"Google reCAPTCHA\" (dalej \"reCAPTCHA\"). Dostawc\u0105 jest Google Ireland Limited (\"Google\"), Gordon House, Barrow Street, Dublin 4, Irlandia.<\/p> <p>Celem reCAPTCHA jest sprawdzenie, czy dane s\u0105 wprowadzane na tej stronie internetowej (np. w formularzu kontaktowym) przez cz\u0142owieka, czy przez zautomatyzowany program. W tym celu reCAPTCHA analizuje zachowanie odwiedzaj\u0105cego witryn\u0119 na podstawie r\u00f3\u017cnych cech. Analiza ta rozpoczyna si\u0119 automatycznie, gdy tylko odwiedzaj\u0105cy wejdzie na stron\u0119 internetow\u0105. Na potrzeby analizy reCAPTCHA ocenia r\u00f3\u017cne informacje (np. adres IP, czas sp\u0119dzony na stronie internetowej przez odwiedzaj\u0105cego lub ruchy myszy wykonane przez u\u017cytkownika). Dane zebrane podczas analizy s\u0105 przekazywane do Google.<\/p> <p>Analizy reCAPTCHA dzia\u0142aj\u0105 ca\u0142kowicie w tle. Odwiedzaj\u0105cy witryn\u0119 nie s\u0105 informowani o przeprowadzanej analizie.<\/p> <p>Dane s\u0105 przechowywane i analizowane na podstawie art. 6 ust. 1 lit. f RODO. Operator strony internetowej ma uzasadniony interes w ochronie swojej strony internetowej przed niew\u0142a\u015bciwym zautomatyzowanym szpiegowaniem i SPAM-em. Je\u015bli za\u017c\u0105dano odpowiedniej zgody, przetwarzanie odbywa si\u0119 wy\u0142\u0105cznie na podstawie art. 6 ust. 1 lit. a RODO i \u00a7 25 ust. 1 RODO, o ile zgoda obejmuje przechowywanie plik\u00f3w cookie lub dost\u0119p do informacji w urz\u0105dzeniu ko\u0144cowym u\u017cytkownika (np. odciski palc\u00f3w urz\u0105dzenia) w rozumieniu RODO. Zgoda mo\u017ce zosta\u0107 cofni\u0119ta w dowolnym momencie.<\/p> <p>Wi\u0119cej informacji na temat Google reCAPTCHA mo\u017cna znale\u017a\u0107 w Polityce prywatno\u015bci Google i Warunkach \u015bwiadczenia us\u0142ug Google pod nast\u0119puj\u0105cymi linkami: <a href=\"https:\/\/policies.google.com\/privacy?hl=de\" target=\"_blank\" rel=\"noopener noreferrer\">https:\/\/policies.google.com\/privacy?hl=de<\/a> oraz <a href=\"https:\/\/policies.google.com\/terms?hl=de\" target=\"_blank\" rel=\"noopener noreferrer\">https:\/\/policies.google.com\/terms?hl=de<\/a>.<\/p>\n<p>Firma posiada certyfikat zgodno\u015bci z \"EU-US Data Privacy Framework\" (DPF). DPF to umowa mi\u0119dzy Uni\u0105 Europejsk\u0105 a USA, kt\u00f3ra ma na celu zapewnienie zgodno\u015bci z europejskimi standardami ochrony danych w zakresie przetwarzania danych w USA. Ka\u017cda firma certyfikowana w ramach DPF zobowi\u0105zuje si\u0119 do przestrzegania tych standard\u00f3w ochrony danych. Wi\u0119cej informacji na ten temat mo\u017cna uzyska\u0107 od dostawcy pod poni\u017cszym linkiem: <a href=\"https:\/\/www.dataprivacyframework.gov\/participant\/5780\" target=\"_blank\" rel=\"noopener noreferrer\">https:\/\/www.dataprivacyframework.gov\/participant\/5780<\/a>.<\/p>\n<h2>9. eCommerce i dostawcy us\u0142ug p\u0142atniczych<\/h2>\n<h3>Przetwarzanie danych klient\u00f3w i um\u00f3w<\/h3> <p>Gromadzimy, przetwarzamy i wykorzystujemy dane osobowe klient\u00f3w i dane dotycz\u0105ce um\u00f3w w celu ustanowienia, organizacji tre\u015bci i zmiany naszych stosunk\u00f3w umownych. Gromadzimy, przetwarzamy i wykorzystujemy dane osobowe dotycz\u0105ce korzystania z tej strony internetowej (dane dotycz\u0105ce u\u017cytkowania) wy\u0142\u0105cznie w zakresie, w jakim jest to konieczne, aby umo\u017cliwi\u0107 u\u017cytkownikowi korzystanie z us\u0142ugi lub wystawi\u0107 mu rachunek. Podstaw\u0105 prawn\u0105 jest art. 6 ust. 1 lit. b RODO.<\/p> <p>Zebrane dane klienta zostan\u0105 usuni\u0119te po zako\u0144czeniu realizacji zam\u00f3wienia lub zako\u0144czeniu relacji biznesowej i wyga\u015bni\u0119ciu wszelkich istniej\u0105cych ustawowych okres\u00f3w przechowywania. Ustawowe okresy przechowywania pozostaj\u0105 nienaruszone.<\/p>\n<h3>Transmisja danych po zawarciu umowy o us\u0142ugi i tre\u015bci cyfrowe<\/h3> <p>Przekazujemy dane osobowe stronom trzecim tylko wtedy, gdy jest to konieczne w kontek\u015bcie przetwarzania umowy, na przyk\u0142ad instytucji kredytowej odpowiedzialnej za przetwarzanie p\u0142atno\u015bci.<\/p> <p>Dalsze przekazywanie danych nie b\u0119dzie mia\u0142o miejsca lub b\u0119dzie mia\u0142o miejsce tylko wtedy, gdy u\u017cytkownik wyra\u017anie wyrazi na to zgod\u0119. Dane u\u017cytkownika nie b\u0119d\u0105 przekazywane stronom trzecim bez jego wyra\u017anej zgody, na przyk\u0142ad w celach reklamowych.<\/p> <p>Podstaw\u0105 przetwarzania danych jest art. 6 ust. 1 lit. b RODO, kt\u00f3ry zezwala na przetwarzanie danych w celu realizacji umowy lub \u015brodk\u00f3w przedumownych.<\/p>\t\t\t\t\t\t\t\t<\/div>\n\t\t\t\t<\/div>\n\t\t\t\t\t<\/div>\n\t\t\t\t<\/div>\n\t\t\t\t<\/div>","protected":false},"excerpt":{"rendered":"<p>Informacje prawne Ochrona danych Informacje og\u00f3lne Poni\u017csze informacje stanowi\u0105 prosty przegl\u0105d tego, co dzieje si\u0119 z danymi osobowymi u\u017cytkownika podczas odwiedzania tej witryny. Dane osobowe to wszelkie dane, kt\u00f3re mo\u017cna wykorzysta\u0107 do osobistej identyfikacji u\u017cytkownika. Szczeg\u00f3\u0142owe informacje na temat ochrony danych mo\u017cna znale\u017a\u0107 w naszym o\u015bwiadczeniu o ochronie danych, kt\u00f3re znajduje si\u0119 poni\u017cej tego tekstu. Gromadzenie danych na tej stronie Kto jest odpowiedzialny [...]<\/p>","protected":false},"author":1,"featured_media":0,"parent":0,"menu_order":0,"comment_status":"closed","ping_status":"closed","template":"elementor_header_footer","meta":{"footnotes":""},"class_list":["post-798","page","type-page","status-publish","hentry"],"yoast_head":"<!-- This site is optimized with the Yoast SEO Premium plugin v23.0 (Yoast SEO v25.4) - https:\/\/yoast.com\/wordpress\/plugins\/seo\/ -->\n<title>Datenschutz - tuairooms.com<\/title>\n<meta name=\"robots\" content=\"index, follow, max-snippet:-1, max-image-preview:large, max-video-preview:-1\" \/>\n<link rel=\"canonical\" href=\"https:\/\/tuairooms.com\/pl\/datenschutz\/\" \/>\n<meta property=\"og:locale\" content=\"pl_PL\" \/>\n<meta property=\"og:type\" content=\"article\" \/>\n<meta property=\"og:title\" content=\"Datenschutz\" \/>\n<meta property=\"og:description\" content=\"Rechtliches Datenschutz Allgemeine Hinweise Die folgenden Hinweise geben einen einfachen &Uuml;berblick dar&uuml;ber, was mit Ihren personenbezogenen Daten passiert, wenn Sie diese Website besuchen. Personenbezogene Daten sind alle Daten, mit denen Sie pers&ouml;nlich identifiziert werden k&ouml;nnen. Ausf&uuml;hrliche Informationen zum Thema Datenschutz entnehmen Sie unserer unter diesem Text aufgef&uuml;hrten Datenschutzerkl&auml;rung. Datenerfassung auf dieser Website Wer ist verantwortlich [&hellip;]\" \/>\n<meta property=\"og:url\" content=\"https:\/\/tuairooms.com\/pl\/datenschutz\/\" \/>\n<meta property=\"og:site_name\" content=\"tuairooms.com\" \/>\n<meta property=\"article:modified_time\" content=\"2024-10-08T10:13:30+00:00\" \/>\n<meta name=\"twitter:card\" content=\"summary_large_image\" \/>\n<meta name=\"twitter:label1\" content=\"Szacowany czas czytania\" \/>\n\t<meta name=\"twitter:data1\" content=\"40 minut\" \/>\n<script type=\"application\/ld+json\" class=\"yoast-schema-graph\">{\"@context\":\"https:\/\/schema.org\",\"@graph\":[{\"@type\":\"WebPage\",\"@id\":\"https:\/\/tuairooms.com\/datenschutz\/\",\"url\":\"https:\/\/tuairooms.com\/datenschutz\/\",\"name\":\"Datenschutz - tuairooms.com\",\"isPartOf\":{\"@id\":\"https:\/\/tuairooms.com\/#website\"},\"datePublished\":\"2024-07-24T14:32:12+00:00\",\"dateModified\":\"2024-10-08T10:13:30+00:00\",\"breadcrumb\":{\"@id\":\"https:\/\/tuairooms.com\/datenschutz\/#breadcrumb\"},\"inLanguage\":\"pl-PL\",\"potentialAction\":[{\"@type\":\"ReadAction\",\"target\":[\"https:\/\/tuairooms.com\/datenschutz\/\"]}]},{\"@type\":\"BreadcrumbList\",\"@id\":\"https:\/\/tuairooms.com\/datenschutz\/#breadcrumb\",\"itemListElement\":[{\"@type\":\"ListItem\",\"position\":1,\"name\":\"Startseite\",\"item\":\"https:\/\/tuairooms.com\/\"},{\"@type\":\"ListItem\",\"position\":2,\"name\":\"Datenschutz\"}]},{\"@type\":\"WebSite\",\"@id\":\"https:\/\/tuairooms.com\/#website\",\"url\":\"https:\/\/tuairooms.com\/\",\"name\":\"tuairooms.com\",\"description\":\"Unterk\u00fcnfte Hannover\",\"publisher\":{\"@id\":\"https:\/\/tuairooms.com\/#organization\"},\"potentialAction\":[{\"@type\":\"SearchAction\",\"target\":{\"@type\":\"EntryPoint\",\"urlTemplate\":\"https:\/\/tuairooms.com\/?s={search_term_string}\"},\"query-input\":{\"@type\":\"PropertyValueSpecification\",\"valueRequired\":true,\"valueName\":\"search_term_string\"}}],\"inLanguage\":\"pl-PL\"},{\"@type\":\"Organization\",\"@id\":\"https:\/\/tuairooms.com\/#organization\",\"name\":\"TUAI Zimmervermittlung Hannover\",\"url\":\"https:\/\/tuairooms.com\/\",\"logo\":{\"@type\":\"ImageObject\",\"inLanguage\":\"pl-PL\",\"@id\":\"https:\/\/tuairooms.com\/#\/schema\/logo\/image\/\",\"url\":\"https:\/\/tuairooms.com\/wp-content\/uploads\/2024\/07\/Element-1.svg\",\"contentUrl\":\"https:\/\/tuairooms.com\/wp-content\/uploads\/2024\/07\/Element-1.svg\",\"width\":1150,\"height\":534,\"caption\":\"TUAI Zimmervermittlung Hannover\"},\"image\":{\"@id\":\"https:\/\/tuairooms.com\/#\/schema\/logo\/image\/\"}}]}<\/script>\n<!-- \/ Yoast SEO Premium plugin. -->","yoast_head_json":{"title":"Datenschutz - tuairooms.com","robots":{"index":"index","follow":"follow","max-snippet":"max-snippet:-1","max-image-preview":"max-image-preview:large","max-video-preview":"max-video-preview:-1"},"canonical":"https:\/\/tuairooms.com\/pl\/datenschutz\/","og_locale":"pl_PL","og_type":"article","og_title":"Datenschutz","og_description":"Rechtliches Datenschutz Allgemeine Hinweise Die folgenden Hinweise geben einen einfachen &Uuml;berblick dar&uuml;ber, was mit Ihren personenbezogenen Daten passiert, wenn Sie diese Website besuchen. Personenbezogene Daten sind alle Daten, mit denen Sie pers&ouml;nlich identifiziert werden k&ouml;nnen. Ausf&uuml;hrliche Informationen zum Thema Datenschutz entnehmen Sie unserer unter diesem Text aufgef&uuml;hrten Datenschutzerkl&auml;rung. Datenerfassung auf dieser Website Wer ist verantwortlich [&hellip;]","og_url":"https:\/\/tuairooms.com\/pl\/datenschutz\/","og_site_name":"tuairooms.com","article_modified_time":"2024-10-08T10:13:30+00:00","twitter_card":"summary_large_image","twitter_misc":{"Szacowany czas czytania":"40 minut"},"schema":{"@context":"https:\/\/schema.org","@graph":[{"@type":"WebPage","@id":"https:\/\/tuairooms.com\/datenschutz\/","url":"https:\/\/tuairooms.com\/datenschutz\/","name":"Datenschutz - tuairooms.com","isPartOf":{"@id":"https:\/\/tuairooms.com\/#website"},"datePublished":"2024-07-24T14:32:12+00:00","dateModified":"2024-10-08T10:13:30+00:00","breadcrumb":{"@id":"https:\/\/tuairooms.com\/datenschutz\/#breadcrumb"},"inLanguage":"pl-PL","potentialAction":[{"@type":"ReadAction","target":["https:\/\/tuairooms.com\/datenschutz\/"]}]},{"@type":"BreadcrumbList","@id":"https:\/\/tuairooms.com\/datenschutz\/#breadcrumb","itemListElement":[{"@type":"ListItem","position":1,"name":"Startseite","item":"https:\/\/tuairooms.com\/"},{"@type":"ListItem","position":2,"name":"Datenschutz"}]},{"@type":"WebSite","@id":"https:\/\/tuairooms.com\/#website","url":"https:\/\/tuairooms.com\/","name":"tuairooms.com","description":"Unterk\u00fcnfte Hannover","publisher":{"@id":"https:\/\/tuairooms.com\/#organization"},"potentialAction":[{"@type":"SearchAction","target":{"@type":"EntryPoint","urlTemplate":"https:\/\/tuairooms.com\/?s={search_term_string}"},"query-input":{"@type":"PropertyValueSpecification","valueRequired":true,"valueName":"search_term_string"}}],"inLanguage":"pl-PL"},{"@type":"Organization","@id":"https:\/\/tuairooms.com\/#organization","name":"TUAI Zimmervermittlung Hannover","url":"https:\/\/tuairooms.com\/","logo":{"@type":"ImageObject","inLanguage":"pl-PL","@id":"https:\/\/tuairooms.com\/#\/schema\/logo\/image\/","url":"https:\/\/tuairooms.com\/wp-content\/uploads\/2024\/07\/Element-1.svg","contentUrl":"https:\/\/tuairooms.com\/wp-content\/uploads\/2024\/07\/Element-1.svg","width":1150,"height":534,"caption":"TUAI Zimmervermittlung Hannover"},"image":{"@id":"https:\/\/tuairooms.com\/#\/schema\/logo\/image\/"}}]}},"_links":{"self":[{"href":"https:\/\/tuairooms.com\/pl\/wp-json\/wp\/v2\/pages\/798","targetHints":{"allow":["GET"]}}],"collection":[{"href":"https:\/\/tuairooms.com\/pl\/wp-json\/wp\/v2\/pages"}],"about":[{"href":"https:\/\/tuairooms.com\/pl\/wp-json\/wp\/v2\/types\/page"}],"author":[{"embeddable":true,"href":"https:\/\/tuairooms.com\/pl\/wp-json\/wp\/v2\/users\/1"}],"replies":[{"embeddable":true,"href":"https:\/\/tuairooms.com\/pl\/wp-json\/wp\/v2\/comments?post=798"}],"version-history":[{"count":10,"href":"https:\/\/tuairooms.com\/pl\/wp-json\/wp\/v2\/pages\/798\/revisions"}],"predecessor-version":[{"id":1196,"href":"https:\/\/tuairooms.com\/pl\/wp-json\/wp\/v2\/pages\/798\/revisions\/1196"}],"wp:attachment":[{"href":"https:\/\/tuairooms.com\/pl\/wp-json\/wp\/v2\/media?parent=798"}],"curies":[{"name":"wp","href":"https:\/\/api.w.org\/{rel}","templated":true}]}}